{"id":20857,"date":"2019-04-15T18:39:33","date_gmt":"2019-04-15T18:39:33","guid":{"rendered":"http:\/\/www.gruporazente.com.br\/?page_id=20857"},"modified":"2019-04-15T18:41:47","modified_gmt":"2019-04-15T18:41:47","slug":"comerciais","status":"publish","type":"page","link":"https:\/\/www.imobiliariarazente.com.br\/index.php\/comerciais\/","title":{"rendered":"Comerciais"},"content":{"rendered":"<p>[vc_row disable_element=&#8221;yes&#8221;][vc_column]<div class=\"article_container slider_container bottom-estate_property nobutton\" ><div class=\"shortcode_slider_wrapper\" ><div class=\"shortcode_slider_list\" data-items-per-row=\"4\"  data-auto=\"1000\" ><div class=\" slider_prop_wrapper   \" >  \n\n\n\n<div class=\"col-md- shortcode-col has_4per_row  listing_wrapper\" data-org=\"4\" data-listid=\"29780\" > \n    <div class=\"property_listing   \" data-link=\"https:\/\/www.imobiliariarazente.com.br\/index.php\/properties\/rua-republica-do-libano-28-centro-r-900-00000\/\">\n        \n        <div class=\"listing-unit-img-wrapper\"><div class=\"prop_new_details\"><div class=\"prop_new_details_back\"><\/div><div class=\"property_media\"><i class=\"fa fa-camera\" aria-hidden=\"true\"><\/i> 22\n                <\/div><div class=\"property_location_image\"> \n                    <span class=\"property_marker\"><\/span><a href=\"https:\/\/www.imobiliariarazente.com.br\/index.php\/area\/centro\/\" rel=\"tag\">Centro<\/a>, <a href=\"https:\/\/www.imobiliariarazente.com.br\/index.php\/city\/nova-esperanca\/\" rel=\"tag\">Nova Esperan\u00e7a<\/a><\/div><\/div><a href=\"https:\/\/www.imobiliariarazente.com.br\/index.php\/properties\/rua-republica-do-libano-28-centro-r-900-00000\/\"><img width=\"525\" height=\"328\" src=\"https:\/\/www.imobiliariarazente.com.br\/wp-content\/uploads\/2026\/03\/WhatsApp-Image-2026-03-19-at-17.39.33-525x328.jpeg\" class=\"lazyload img-responsive wp-post-image\" alt=\"\" loading=\"lazy\" data-original=\"https:\/\/www.imobiliariarazente.com.br\/wp-content\/uploads\/2026\/03\/WhatsApp-Image-2026-03-19-at-17.39.33-525x328.jpeg\" \/><\/a><\/div><div class=\"tag-wrapper\"><\/div>\n\n            <h4><a href=\"https:\/\/www.imobiliariarazente.com.br\/index.php\/properties\/rua-republica-do-libano-28-centro-r-900-00000\/\">\n                RUA REP\u00daBLICA DO L\u00cdBANO, 28 &#8211; CENTRO &...                <\/a> \n            <\/h4> \n            \n            <div class=\"listing_unit_price_wrapper\"><span class=\"price_label price_label_before\"><\/span>  <span class=\"price_label\">R$ 900.000,00<\/span><\/div>        \n        \n        \n           \n        \n                            <div class=\"listing_details the_grid_view\">\n                    ***VENDE \u2013 SE CASA***\u00a0 em \u00f3tima localiza\u00e7\u00e3o . Rua Rep\u00fablica do L\u00edbano, 28 &#8211; centro . Valor: R$ 900.000,00 \u00c1re <a href=\"https:\/\/www.imobiliariarazente.com.br\/index.php\/properties\/rua-republica-do-libano-28-centro-r-900-00000\/\" class=\"unit_more_x\">[more]<\/a>                <\/div>\n\n                <div class=\"listing_details the_list_view\">\n                    ***VENDE \u2013 SE CASA***\u00a0 em \u00f3tima localiza\u00e7\u00e3o . Rua Rep\u00fablica do L\u00edbano, 28 &#8211; centro . Valor: R$ 900.000,00 \u00c1re <a href=\"https:\/\/www.imobiliariarazente.com.br\/index.php\/properties\/rua-republica-do-libano-28-centro-r-900-00000\/\" class=\"unit_more_x\">[more]<\/a>                <\/div>\n               \n\n\n            <div class=\"property_listing_details\">\n                <a href=\"https:\/\/www.imobiliariarazente.com.br\/index.php\/properties\/rua-republica-do-libano-28-centro-r-900-00000\/\" class=\"unit_details_x\">full info<\/a>            <\/div>\n               \n            <div class=\"property_location\">\n                    \n                                        <div class=\"property_agent_wrapper\">\n                        <div class=\"property_agent_image\" style=\"background-image:url('https:\/\/www.imobiliariarazente.com.br\/wp-content\/uploads\/2026\/03\/WhatsApp-Image-2026-03-19-at-17.39.33-120x120.jpeg')\"><\/div> \n                        <div class=\"property_agent_image_sign\"><i class=\"fa fa-user-circle-o\" aria-hidden=\"true\"><\/i><\/div>\n                        razente                    <\/div>\n                \n                                                  <div class=\"listing_actions\">\n\n                                <div class=\"share_unit\">\n                                    <a href=\"https:\/\/www.facebook.com\/sharer.php?u=https:\/\/www.imobiliariarazente.com.br\/index.php\/properties\/rua-republica-do-libano-28-centro-r-900-00000\/&amp;t=RUA+REP%C3%9ABLICA+DO+L%C3%8DBANO%2C+28+%26%238211%3B+CENTRO+%26%238211%3B+R%24+900.000%2C00\" target=\"_blank\" class=\"social_facebook\"><\/a>\n                                    <a href=\"https:\/\/twitter.com\/home?status=RUA+REP%C3%9ABLICA+DO+L%C3%8DBANO%2C+28+%26%238211%3B+CENTRO+%26%238211%3B+R%24+900.000%2C00+https%3A%2F%2Fwww.imobiliariarazente.com.br%2Findex.php%2Fproperties%2Frua-republica-do-libano-28-centro-r-900-00000%2F\" class=\"social_tweet\" target=\"_blank\"><\/a>\n                                    <a href=\"https:\/\/plus.google.com\/share?url=https:\/\/www.imobiliariarazente.com.br\/index.php\/properties\/rua-republica-do-libano-28-centro-r-900-00000\/\" onclick=\"javascript:window.open(this.href,'', 'menubar=no,toolbar=no,resizable=yes,scrollbars=yes,height=600,width=600');return false;\" target=\"_blank\" class=\"social_google\"><\/a> \n                                    <a href=\"https:\/\/pinterest.com\/pin\/create\/button\/?url=https:\/\/www.imobiliariarazente.com.br\/index.php\/properties\/rua-republica-do-libano-28-centro-r-900-00000\/&amp;media=https:\/\/www.imobiliariarazente.com.br\/wp-content\/uploads\/2026\/03\/WhatsApp-Image-2026-03-19-at-17.39.33-1600x790.jpeg&amp;description=RUA+REP%C3%9ABLICA+DO+L%C3%8DBANO%2C+28+%26%238211%3B+CENTRO+%26%238211%3B+R%24+900.000%2C00\" target=\"_blank\" class=\"social_pinterest\"><\/a>\n                                <\/div>\n\n\n\n                                <span class=\"share_list\"  data-original-title=\"share\" ><\/span>\n                                <span class=\"icon-fav icon-fav-off\" data-original-title=\"adicionar aos favoritos\" data-postid=\"29780\"><\/span>\n\n                                                            <\/div>\n                        <\/div>        <\/div>             \n    <\/div>\n\n<\/div><div class=\" slider_prop_wrapper   \" >  \n\n\n\n<div class=\"col-md- shortcode-col has_4per_row  listing_wrapper\" data-org=\"4\" data-listid=\"29673\" > \n    <div class=\"property_listing   \" data-link=\"https:\/\/www.imobiliariarazente.com.br\/index.php\/properties\/rua-mario-jordao-59-jardim-central-park-r-450-00000\/\">\n        \n        <div class=\"listing-unit-img-wrapper\"><div class=\"prop_new_details\"><div class=\"prop_new_details_back\"><\/div><div class=\"property_media\"><i class=\"fa fa-camera\" aria-hidden=\"true\"><\/i> 13\n                <\/div><div class=\"property_location_image\"> \n                    <span class=\"property_marker\"><\/span><a href=\"https:\/\/www.imobiliariarazente.com.br\/index.php\/area\/jardim-central-park\/\" rel=\"tag\">JARDIM CENTRAL PARK<\/a>, <a href=\"https:\/\/www.imobiliariarazente.com.br\/index.php\/city\/nova-esperanca\/\" rel=\"tag\">Nova Esperan\u00e7a<\/a><\/div><\/div><a href=\"https:\/\/www.imobiliariarazente.com.br\/index.php\/properties\/rua-mario-jordao-59-jardim-central-park-r-450-00000\/\"><img width=\"525\" height=\"328\" src=\"https:\/\/www.imobiliariarazente.com.br\/wp-content\/uploads\/2026\/03\/WhatsApp-Image-2025-04-23-at-13.50.39-525x328.jpeg\" class=\"lazyload img-responsive wp-post-image\" alt=\"\" loading=\"lazy\" data-original=\"https:\/\/www.imobiliariarazente.com.br\/wp-content\/uploads\/2026\/03\/WhatsApp-Image-2025-04-23-at-13.50.39-525x328.jpeg\" \/><\/a><\/div><div class=\"tag-wrapper\"><\/div>\n\n            <h4><a href=\"https:\/\/www.imobiliariarazente.com.br\/index.php\/properties\/rua-mario-jordao-59-jardim-central-park-r-450-00000\/\">\n                RUA M\u00c1RIO JORD\u00c3O, 59 &#8211; JARDIM CENTRAL ...                <\/a> \n            <\/h4> \n            \n            <div class=\"listing_unit_price_wrapper\"><span class=\"price_label price_label_before\"><\/span>  <span class=\"price_label\">R$ 450.000,00<\/span><\/div>        \n        \n        \n           \n        \n                            <div class=\"listing_details the_grid_view\">\n                    ***VENDE \u2013 SE CASA***\u00a0 em \u00f3tima localiza\u00e7\u00e3o . Rua M\u00e1rio Jord\u00e3o, 59 . Valor: R$ 450.000,00 . \u00c1rea total do terreno:  <a href=\"https:\/\/www.imobiliariarazente.com.br\/index.php\/properties\/rua-mario-jordao-59-jardim-central-park-r-450-00000\/\" class=\"unit_more_x\">[more]<\/a>                <\/div>\n\n                <div class=\"listing_details the_list_view\">\n                    ***VENDE \u2013 SE CASA***\u00a0 em \u00f3tima localiza\u00e7\u00e3o . Rua M\u00e1rio Jord\u00e3o, 59 . Valor: R$ 450.000,00 . \u00c1rea total do terreno:  <a href=\"https:\/\/www.imobiliariarazente.com.br\/index.php\/properties\/rua-mario-jordao-59-jardim-central-park-r-450-00000\/\" class=\"unit_more_x\">[more]<\/a>                <\/div>\n               \n\n\n            <div class=\"property_listing_details\">\n                <a href=\"https:\/\/www.imobiliariarazente.com.br\/index.php\/properties\/rua-mario-jordao-59-jardim-central-park-r-450-00000\/\" class=\"unit_details_x\">full info<\/a>            <\/div>\n               \n            <div class=\"property_location\">\n                    \n                                        <div class=\"property_agent_wrapper\">\n                        <div class=\"property_agent_image\" style=\"background-image:url('https:\/\/www.imobiliariarazente.com.br\/wp-content\/uploads\/2026\/03\/WhatsApp-Image-2025-04-23-at-13.50.39-120x120.jpeg')\"><\/div> \n                        <div class=\"property_agent_image_sign\"><i class=\"fa fa-user-circle-o\" aria-hidden=\"true\"><\/i><\/div>\n                        razente                    <\/div>\n                \n                                                  <div class=\"listing_actions\">\n\n                                <div class=\"share_unit\">\n                                    <a href=\"https:\/\/www.facebook.com\/sharer.php?u=https:\/\/www.imobiliariarazente.com.br\/index.php\/properties\/rua-mario-jordao-59-jardim-central-park-r-450-00000\/&amp;t=RUA+M%C3%81RIO+JORD%C3%83O%2C+59+%26%238211%3B+JARDIM+CENTRAL+PARK+%26%238211%3B+R%24+450.000%2C00\" target=\"_blank\" class=\"social_facebook\"><\/a>\n                                    <a href=\"https:\/\/twitter.com\/home?status=RUA+M%C3%81RIO+JORD%C3%83O%2C+59+%26%238211%3B+JARDIM+CENTRAL+PARK+%26%238211%3B+R%24+450.000%2C00+https%3A%2F%2Fwww.imobiliariarazente.com.br%2Findex.php%2Fproperties%2Frua-mario-jordao-59-jardim-central-park-r-450-00000%2F\" class=\"social_tweet\" target=\"_blank\"><\/a>\n                                    <a href=\"https:\/\/plus.google.com\/share?url=https:\/\/www.imobiliariarazente.com.br\/index.php\/properties\/rua-mario-jordao-59-jardim-central-park-r-450-00000\/\" onclick=\"javascript:window.open(this.href,'', 'menubar=no,toolbar=no,resizable=yes,scrollbars=yes,height=600,width=600');return false;\" target=\"_blank\" class=\"social_google\"><\/a> \n                                    <a href=\"https:\/\/pinterest.com\/pin\/create\/button\/?url=https:\/\/www.imobiliariarazente.com.br\/index.php\/properties\/rua-mario-jordao-59-jardim-central-park-r-450-00000\/&amp;media=https:\/\/www.imobiliariarazente.com.br\/wp-content\/uploads\/2026\/03\/WhatsApp-Image-2025-04-23-at-13.50.39-1600x790.jpeg&amp;description=RUA+M%C3%81RIO+JORD%C3%83O%2C+59+%26%238211%3B+JARDIM+CENTRAL+PARK+%26%238211%3B+R%24+450.000%2C00\" target=\"_blank\" class=\"social_pinterest\"><\/a>\n                                <\/div>\n\n\n\n                                <span class=\"share_list\"  data-original-title=\"share\" ><\/span>\n                                <span class=\"icon-fav icon-fav-off\" data-original-title=\"adicionar aos favoritos\" data-postid=\"29673\"><\/span>\n\n                                                            <\/div>\n                        <\/div>        <\/div>             \n    <\/div>\n\n<\/div><div class=\" slider_prop_wrapper   \" >  \n\n\n\n<div class=\"col-md- shortcode-col has_4per_row  listing_wrapper\" data-org=\"4\" data-listid=\"29624\" > \n    <div class=\"property_listing   \" data-link=\"https:\/\/www.imobiliariarazente.com.br\/index.php\/properties\/rua-paulo-pulcinelli-249-jardim-sao-jose-r-350-00000\/\">\n        \n        <div class=\"listing-unit-img-wrapper\"><div class=\"prop_new_details\"><div class=\"prop_new_details_back\"><\/div><div class=\"property_media\"><i class=\"fa fa-camera\" aria-hidden=\"true\"><\/i> 13\n                <\/div><div class=\"property_location_image\"> \n                    <span class=\"property_marker\"><\/span><a href=\"https:\/\/www.imobiliariarazente.com.br\/index.php\/area\/jardim-sao-jose\/\" rel=\"tag\">Jardim S\u00e3o Jos\u00e9<\/a>, <a href=\"https:\/\/www.imobiliariarazente.com.br\/index.php\/city\/nova-esperanca\/\" rel=\"tag\">Nova Esperan\u00e7a<\/a><\/div><\/div><a href=\"https:\/\/www.imobiliariarazente.com.br\/index.php\/properties\/rua-paulo-pulcinelli-249-jardim-sao-jose-r-350-00000\/\"><img width=\"525\" height=\"328\" src=\"https:\/\/www.imobiliariarazente.com.br\/wp-content\/uploads\/2026\/03\/IMG_20260213_151431-525x328.jpg\" class=\"lazyload img-responsive wp-post-image\" alt=\"\" loading=\"lazy\" data-original=\"https:\/\/www.imobiliariarazente.com.br\/wp-content\/uploads\/2026\/03\/IMG_20260213_151431-525x328.jpg\" \/><\/a><\/div><div class=\"tag-wrapper\"><\/div>\n\n            <h4><a href=\"https:\/\/www.imobiliariarazente.com.br\/index.php\/properties\/rua-paulo-pulcinelli-249-jardim-sao-jose-r-350-00000\/\">\n                RUA PAULO PULCINELLI, 249 &#8211; JARDIM S\u00c3O...                <\/a> \n            <\/h4> \n            \n            <div class=\"listing_unit_price_wrapper\"><span class=\"price_label price_label_before\"><\/span>  <span class=\"price_label\">R$ 350.000,00<\/span><\/div>        \n        \n        \n           \n        \n                            <div class=\"listing_details the_grid_view\">\n                    ***VENDE \u2013 SE CASA GEMINADA***\u00a0em \u00f3tima localiza\u00e7\u00e3o Rua Paulo Pulcinelli, 249 \u2013 Jardim S\u00e3o Jos\u00e9 Valor: R$ 350.000,0 <a href=\"https:\/\/www.imobiliariarazente.com.br\/index.php\/properties\/rua-paulo-pulcinelli-249-jardim-sao-jose-r-350-00000\/\" class=\"unit_more_x\">[more]<\/a>                <\/div>\n\n                <div class=\"listing_details the_list_view\">\n                    ***VENDE \u2013 SE CASA GEMINADA***\u00a0em \u00f3tima localiza\u00e7\u00e3o Rua Paulo Pulcinelli, 249 \u2013 Jardim S\u00e3o Jos\u00e9 Valor: R$ 350.000,0 <a href=\"https:\/\/www.imobiliariarazente.com.br\/index.php\/properties\/rua-paulo-pulcinelli-249-jardim-sao-jose-r-350-00000\/\" class=\"unit_more_x\">[more]<\/a>                <\/div>\n               \n\n\n            <div class=\"property_listing_details\">\n                <a href=\"https:\/\/www.imobiliariarazente.com.br\/index.php\/properties\/rua-paulo-pulcinelli-249-jardim-sao-jose-r-350-00000\/\" class=\"unit_details_x\">full info<\/a>            <\/div>\n               \n            <div class=\"property_location\">\n                    \n                                        <div class=\"property_agent_wrapper\">\n                        <div class=\"property_agent_image\" style=\"background-image:url('https:\/\/www.imobiliariarazente.com.br\/wp-content\/uploads\/2026\/03\/IMG_20260213_151431-120x120.jpg')\"><\/div> \n                        <div class=\"property_agent_image_sign\"><i class=\"fa fa-user-circle-o\" aria-hidden=\"true\"><\/i><\/div>\n                        razente                    <\/div>\n                \n                                                  <div class=\"listing_actions\">\n\n                                <div class=\"share_unit\">\n                                    <a href=\"https:\/\/www.facebook.com\/sharer.php?u=https:\/\/www.imobiliariarazente.com.br\/index.php\/properties\/rua-paulo-pulcinelli-249-jardim-sao-jose-r-350-00000\/&amp;t=RUA+PAULO+PULCINELLI%2C+249+%26%238211%3B+JARDIM+S%C3%83O+JOS%C3%89+%26%238211%3B+R%24+350.000%2C00\" target=\"_blank\" class=\"social_facebook\"><\/a>\n                                    <a href=\"https:\/\/twitter.com\/home?status=RUA+PAULO+PULCINELLI%2C+249+%26%238211%3B+JARDIM+S%C3%83O+JOS%C3%89+%26%238211%3B+R%24+350.000%2C00+https%3A%2F%2Fwww.imobiliariarazente.com.br%2Findex.php%2Fproperties%2Frua-paulo-pulcinelli-249-jardim-sao-jose-r-350-00000%2F\" class=\"social_tweet\" target=\"_blank\"><\/a>\n                                    <a href=\"https:\/\/plus.google.com\/share?url=https:\/\/www.imobiliariarazente.com.br\/index.php\/properties\/rua-paulo-pulcinelli-249-jardim-sao-jose-r-350-00000\/\" onclick=\"javascript:window.open(this.href,'', 'menubar=no,toolbar=no,resizable=yes,scrollbars=yes,height=600,width=600');return false;\" target=\"_blank\" class=\"social_google\"><\/a> \n                                    <a href=\"https:\/\/pinterest.com\/pin\/create\/button\/?url=https:\/\/www.imobiliariarazente.com.br\/index.php\/properties\/rua-paulo-pulcinelli-249-jardim-sao-jose-r-350-00000\/&amp;media=https:\/\/www.imobiliariarazente.com.br\/wp-content\/uploads\/2026\/03\/IMG_20260213_151431-1920x790.jpg&amp;description=RUA+PAULO+PULCINELLI%2C+249+%26%238211%3B+JARDIM+S%C3%83O+JOS%C3%89+%26%238211%3B+R%24+350.000%2C00\" target=\"_blank\" class=\"social_pinterest\"><\/a>\n                                <\/div>\n\n\n\n                                <span class=\"share_list\"  data-original-title=\"share\" ><\/span>\n                                <span class=\"icon-fav icon-fav-off\" data-original-title=\"adicionar aos favoritos\" data-postid=\"29624\"><\/span>\n\n                                                            <\/div>\n                        <\/div>        <\/div>             \n    <\/div>\n\n<\/div><div class=\" slider_prop_wrapper   \" >  \n\n\n\n<div class=\"col-md- shortcode-col has_4per_row  listing_wrapper\" data-org=\"4\" data-listid=\"29602\" > \n    <div class=\"property_listing   \" data-link=\"https:\/\/www.imobiliariarazente.com.br\/index.php\/properties\/rua-paulo-pulcinelli-255-jardim-sao-jose-r-350-00000\/\">\n        \n        <div class=\"listing-unit-img-wrapper\"><div class=\"prop_new_details\"><div class=\"prop_new_details_back\"><\/div><div class=\"property_media\"><i class=\"fa fa-camera\" aria-hidden=\"true\"><\/i> 16\n                <\/div><div class=\"property_location_image\"> \n                    <span class=\"property_marker\"><\/span><a href=\"https:\/\/www.imobiliariarazente.com.br\/index.php\/area\/jardim-sao-jose\/\" rel=\"tag\">Jardim S\u00e3o Jos\u00e9<\/a>, <a href=\"https:\/\/www.imobiliariarazente.com.br\/index.php\/city\/nova-esperanca\/\" rel=\"tag\">Nova Esperan\u00e7a<\/a><\/div><\/div><a href=\"https:\/\/www.imobiliariarazente.com.br\/index.php\/properties\/rua-paulo-pulcinelli-255-jardim-sao-jose-r-350-00000\/\"><img width=\"525\" height=\"328\" src=\"https:\/\/www.imobiliariarazente.com.br\/wp-content\/uploads\/2026\/03\/IMG_20260304_110734-Copia-525x328.jpg\" class=\"lazyload img-responsive wp-post-image\" alt=\"\" loading=\"lazy\" data-original=\"https:\/\/www.imobiliariarazente.com.br\/wp-content\/uploads\/2026\/03\/IMG_20260304_110734-Copia-525x328.jpg\" \/><\/a><\/div><div class=\"tag-wrapper\"><\/div>\n\n            <h4><a href=\"https:\/\/www.imobiliariarazente.com.br\/index.php\/properties\/rua-paulo-pulcinelli-255-jardim-sao-jose-r-350-00000\/\">\n                RUA PAULO PULCINELLI, 255 &#8211; JARDIM S\u00c3O...                <\/a> \n            <\/h4> \n            \n            <div class=\"listing_unit_price_wrapper\"><span class=\"price_label price_label_before\"><\/span>  <span class=\"price_label\">R$ 350.000,00<\/span><\/div>        \n        \n        \n           \n        \n                            <div class=\"listing_details the_grid_view\">\n                    ***VENDE \u2013 SE CASA GEMINADA***\u00a0em \u00f3tima localiza\u00e7\u00e3o Rua Paulo Pulcinelli, 255 &#8211; Jardim S\u00e3o Jos\u00e9 Valor: R$ 350 <a href=\"https:\/\/www.imobiliariarazente.com.br\/index.php\/properties\/rua-paulo-pulcinelli-255-jardim-sao-jose-r-350-00000\/\" class=\"unit_more_x\">[more]<\/a>                <\/div>\n\n                <div class=\"listing_details the_list_view\">\n                    ***VENDE \u2013 SE CASA GEMINADA***\u00a0em \u00f3tima localiza\u00e7\u00e3o Rua Paulo Pulcinelli, 255 &#8211; Jardim S\u00e3o Jos\u00e9 Valor: R$ 350 <a href=\"https:\/\/www.imobiliariarazente.com.br\/index.php\/properties\/rua-paulo-pulcinelli-255-jardim-sao-jose-r-350-00000\/\" class=\"unit_more_x\">[more]<\/a>                <\/div>\n               \n\n\n            <div class=\"property_listing_details\">\n                <a href=\"https:\/\/www.imobiliariarazente.com.br\/index.php\/properties\/rua-paulo-pulcinelli-255-jardim-sao-jose-r-350-00000\/\" class=\"unit_details_x\">full info<\/a>            <\/div>\n               \n            <div class=\"property_location\">\n                    \n                                        <div class=\"property_agent_wrapper\">\n                        <div class=\"property_agent_image\" style=\"background-image:url('https:\/\/www.imobiliariarazente.com.br\/wp-content\/uploads\/2026\/03\/IMG_20260304_110734-Copia-120x120.jpg')\"><\/div> \n                        <div class=\"property_agent_image_sign\"><i class=\"fa fa-user-circle-o\" aria-hidden=\"true\"><\/i><\/div>\n                        razente                    <\/div>\n                \n                                                  <div class=\"listing_actions\">\n\n                                <div class=\"share_unit\">\n                                    <a href=\"https:\/\/www.facebook.com\/sharer.php?u=https:\/\/www.imobiliariarazente.com.br\/index.php\/properties\/rua-paulo-pulcinelli-255-jardim-sao-jose-r-350-00000\/&amp;t=RUA+PAULO+PULCINELLI%2C+255+%26%238211%3B+JARDIM+S%C3%83O+JOS%C3%89+%26%238211%3B+R%24+350.000%2C00\" target=\"_blank\" class=\"social_facebook\"><\/a>\n                                    <a href=\"https:\/\/twitter.com\/home?status=RUA+PAULO+PULCINELLI%2C+255+%26%238211%3B+JARDIM+S%C3%83O+JOS%C3%89+%26%238211%3B+R%24+350.000%2C00+https%3A%2F%2Fwww.imobiliariarazente.com.br%2Findex.php%2Fproperties%2Frua-paulo-pulcinelli-255-jardim-sao-jose-r-350-00000%2F\" class=\"social_tweet\" target=\"_blank\"><\/a>\n                                    <a href=\"https:\/\/plus.google.com\/share?url=https:\/\/www.imobiliariarazente.com.br\/index.php\/properties\/rua-paulo-pulcinelli-255-jardim-sao-jose-r-350-00000\/\" onclick=\"javascript:window.open(this.href,'', 'menubar=no,toolbar=no,resizable=yes,scrollbars=yes,height=600,width=600');return false;\" target=\"_blank\" class=\"social_google\"><\/a> \n                                    <a href=\"https:\/\/pinterest.com\/pin\/create\/button\/?url=https:\/\/www.imobiliariarazente.com.br\/index.php\/properties\/rua-paulo-pulcinelli-255-jardim-sao-jose-r-350-00000\/&amp;media=https:\/\/www.imobiliariarazente.com.br\/wp-content\/uploads\/2026\/03\/IMG_20260304_110734-Copia-1920x790.jpg&amp;description=RUA+PAULO+PULCINELLI%2C+255+%26%238211%3B+JARDIM+S%C3%83O+JOS%C3%89+%26%238211%3B+R%24+350.000%2C00\" target=\"_blank\" class=\"social_pinterest\"><\/a>\n                                <\/div>\n\n\n\n                                <span class=\"share_list\"  data-original-title=\"share\" ><\/span>\n                                <span class=\"icon-fav icon-fav-off\" data-original-title=\"adicionar aos favoritos\" data-postid=\"29602\"><\/span>\n\n                                                            <\/div>\n                        <\/div>        <\/div>             \n    <\/div>\n\n<\/div><div class=\" slider_prop_wrapper   \" >  \n\n\n\n<div class=\"col-md- shortcode-col has_4per_row  listing_wrapper\" data-org=\"4\" data-listid=\"29471\" > \n    <div class=\"property_listing   \" data-link=\"https:\/\/www.imobiliariarazente.com.br\/index.php\/properties\/rua-projetada-f-146-jardim-paraiso-r-255-00000\/\">\n        \n        <div class=\"listing-unit-img-wrapper\"><div class=\"prop_new_details\"><div class=\"prop_new_details_back\"><\/div><div class=\"property_media\"><i class=\"fa fa-camera\" aria-hidden=\"true\"><\/i> 12\n                <\/div><div class=\"property_location_image\"> \n                    <span class=\"property_marker\"><\/span><a href=\"https:\/\/www.imobiliariarazente.com.br\/index.php\/area\/jardim-paraiso\/\" rel=\"tag\">Jardim Para\u00edso<\/a>, <a href=\"https:\/\/www.imobiliariarazente.com.br\/index.php\/city\/nova-esperanca\/\" rel=\"tag\">Nova Esperan\u00e7a<\/a><\/div><\/div><a href=\"https:\/\/www.imobiliariarazente.com.br\/index.php\/properties\/rua-projetada-f-146-jardim-paraiso-r-255-00000\/\"><img width=\"525\" height=\"328\" src=\"https:\/\/www.imobiliariarazente.com.br\/wp-content\/uploads\/2026\/01\/IMG_20260127_133542-525x328.jpg\" class=\"lazyload img-responsive wp-post-image\" alt=\"\" loading=\"lazy\" data-original=\"https:\/\/www.imobiliariarazente.com.br\/wp-content\/uploads\/2026\/01\/IMG_20260127_133542-525x328.jpg\" \/><\/a><\/div><div class=\"tag-wrapper\"><\/div>\n\n            <h4><a href=\"https:\/\/www.imobiliariarazente.com.br\/index.php\/properties\/rua-projetada-f-146-jardim-paraiso-r-255-00000\/\">\n                RUA PROJETADA F, 146 &#8211; JARDIM PARA\u00cdSO ...                <\/a> \n            <\/h4> \n            \n            <div class=\"listing_unit_price_wrapper\"><span class=\"price_label price_label_before\"><\/span>  <span class=\"price_label\">R$ 255.000,00<\/span><\/div>        \n        \n        \n           \n        \n                            <div class=\"listing_details the_grid_view\">\n                    *** VENDE \u2013 SE CASA NOVA ***\u00a0 \u00a0 Rua Projetada F, 146 \u2013 Jardim Para\u00edso Valor: R$ 255.000,00 \u00c1rea total do terreno :  <a href=\"https:\/\/www.imobiliariarazente.com.br\/index.php\/properties\/rua-projetada-f-146-jardim-paraiso-r-255-00000\/\" class=\"unit_more_x\">[more]<\/a>                <\/div>\n\n                <div class=\"listing_details the_list_view\">\n                    *** VENDE \u2013 SE CASA NOVA ***\u00a0 \u00a0 Rua Projetada F, 146 \u2013 Jardim Para\u00edso Valor: R$ 255.000,00 \u00c1rea total do terreno :  <a href=\"https:\/\/www.imobiliariarazente.com.br\/index.php\/properties\/rua-projetada-f-146-jardim-paraiso-r-255-00000\/\" class=\"unit_more_x\">[more]<\/a>                <\/div>\n               \n\n\n            <div class=\"property_listing_details\">\n                <a href=\"https:\/\/www.imobiliariarazente.com.br\/index.php\/properties\/rua-projetada-f-146-jardim-paraiso-r-255-00000\/\" class=\"unit_details_x\">full info<\/a>            <\/div>\n               \n            <div class=\"property_location\">\n                    \n                                        <div class=\"property_agent_wrapper\">\n                        <div class=\"property_agent_image\" style=\"background-image:url('https:\/\/www.imobiliariarazente.com.br\/wp-content\/uploads\/2026\/01\/IMG_20260127_133542-120x120.jpg')\"><\/div> \n                        <div class=\"property_agent_image_sign\"><i class=\"fa fa-user-circle-o\" aria-hidden=\"true\"><\/i><\/div>\n                        razente                    <\/div>\n                \n                                                  <div class=\"listing_actions\">\n\n                                <div class=\"share_unit\">\n                                    <a href=\"https:\/\/www.facebook.com\/sharer.php?u=https:\/\/www.imobiliariarazente.com.br\/index.php\/properties\/rua-projetada-f-146-jardim-paraiso-r-255-00000\/&amp;t=RUA+PROJETADA+F%2C+146+%26%238211%3B+JARDIM+PARA%C3%8DSO+%26%238211%3B+R%24+255.000%2C00\" target=\"_blank\" class=\"social_facebook\"><\/a>\n                                    <a href=\"https:\/\/twitter.com\/home?status=RUA+PROJETADA+F%2C+146+%26%238211%3B+JARDIM+PARA%C3%8DSO+%26%238211%3B+R%24+255.000%2C00+https%3A%2F%2Fwww.imobiliariarazente.com.br%2Findex.php%2Fproperties%2Frua-projetada-f-146-jardim-paraiso-r-255-00000%2F\" class=\"social_tweet\" target=\"_blank\"><\/a>\n                                    <a href=\"https:\/\/plus.google.com\/share?url=https:\/\/www.imobiliariarazente.com.br\/index.php\/properties\/rua-projetada-f-146-jardim-paraiso-r-255-00000\/\" onclick=\"javascript:window.open(this.href,'', 'menubar=no,toolbar=no,resizable=yes,scrollbars=yes,height=600,width=600');return false;\" target=\"_blank\" class=\"social_google\"><\/a> \n                                    <a href=\"https:\/\/pinterest.com\/pin\/create\/button\/?url=https:\/\/www.imobiliariarazente.com.br\/index.php\/properties\/rua-projetada-f-146-jardim-paraiso-r-255-00000\/&amp;media=https:\/\/www.imobiliariarazente.com.br\/wp-content\/uploads\/2026\/01\/IMG_20260127_133542-1920x790.jpg&amp;description=RUA+PROJETADA+F%2C+146+%26%238211%3B+JARDIM+PARA%C3%8DSO+%26%238211%3B+R%24+255.000%2C00\" target=\"_blank\" class=\"social_pinterest\"><\/a>\n                                <\/div>\n\n\n\n                                <span class=\"share_list\"  data-original-title=\"share\" ><\/span>\n                                <span class=\"icon-fav icon-fav-off\" data-original-title=\"adicionar aos favoritos\" data-postid=\"29471\"><\/span>\n\n                                                            <\/div>\n                        <\/div>        <\/div>             \n    <\/div>\n\n<\/div><div class=\" slider_prop_wrapper   \" >  \n\n\n\n<div class=\"col-md- shortcode-col has_4per_row  listing_wrapper\" data-org=\"4\" data-listid=\"28977\" > \n    <div class=\"property_listing   \" data-link=\"https:\/\/www.imobiliariarazente.com.br\/index.php\/properties\/avenida-rocha-pombo-2183-jardim-los-angeles-r-1-500-00000\/\">\n        \n        <div class=\"listing-unit-img-wrapper\"><div class=\"prop_new_details\"><div class=\"prop_new_details_back\"><\/div><div class=\"property_media\"><i class=\"fa fa-camera\" aria-hidden=\"true\"><\/i> 12\n                <\/div><div class=\"property_location_image\"> \n                    <span class=\"property_marker\"><\/span><a href=\"https:\/\/www.imobiliariarazente.com.br\/index.php\/area\/jardim-los-angeles\/\" rel=\"tag\">Jardim Los Angeles<\/a>, <a href=\"https:\/\/www.imobiliariarazente.com.br\/index.php\/city\/nova-esperanca\/\" rel=\"tag\">Nova Esperan\u00e7a<\/a><\/div><\/div><a href=\"https:\/\/www.imobiliariarazente.com.br\/index.php\/properties\/avenida-rocha-pombo-2183-jardim-los-angeles-r-1-500-00000\/\"><img width=\"525\" height=\"328\" src=\"https:\/\/www.imobiliariarazente.com.br\/wp-content\/uploads\/2025\/11\/IMG_20260206_173612-525x328.jpg\" class=\"lazyload img-responsive wp-post-image\" alt=\"\" loading=\"lazy\" data-original=\"https:\/\/www.imobiliariarazente.com.br\/wp-content\/uploads\/2025\/11\/IMG_20260206_173612-525x328.jpg\" \/><\/a><\/div><div class=\"tag-wrapper\"><\/div>\n\n            <h4><a href=\"https:\/\/www.imobiliariarazente.com.br\/index.php\/properties\/avenida-rocha-pombo-2183-jardim-los-angeles-r-1-500-00000\/\">\n                AVENIDA ROCHA POMBO, 2183 &#8211; JARDIM LOS...                <\/a> \n            <\/h4> \n            \n            <div class=\"listing_unit_price_wrapper\"><span class=\"price_label price_label_before\"><\/span>  <span class=\"price_label\">R$ 1.500.000,00<\/span><\/div>        \n        \n        \n           \n        \n                            <div class=\"listing_details the_grid_view\">\n                    ***VENDE \u2013 SE CASA DE ALTO PADR\u00c3O*** em \u00f3tima localiza\u00e7\u00e3o Avenida Rocha Pombo, 2183 Valor: R$ 1.500.000,00 \u00c1rea tot <a href=\"https:\/\/www.imobiliariarazente.com.br\/index.php\/properties\/avenida-rocha-pombo-2183-jardim-los-angeles-r-1-500-00000\/\" class=\"unit_more_x\">[more]<\/a>                <\/div>\n\n                <div class=\"listing_details the_list_view\">\n                    ***VENDE \u2013 SE CASA DE ALTO PADR\u00c3O*** em \u00f3tima localiza\u00e7\u00e3o Avenida Rocha Pombo, 2183 Valor: R$ 1.500.000,00 \u00c1rea tot <a href=\"https:\/\/www.imobiliariarazente.com.br\/index.php\/properties\/avenida-rocha-pombo-2183-jardim-los-angeles-r-1-500-00000\/\" class=\"unit_more_x\">[more]<\/a>                <\/div>\n               \n\n\n            <div class=\"property_listing_details\">\n                <a href=\"https:\/\/www.imobiliariarazente.com.br\/index.php\/properties\/avenida-rocha-pombo-2183-jardim-los-angeles-r-1-500-00000\/\" class=\"unit_details_x\">full info<\/a>            <\/div>\n               \n            <div class=\"property_location\">\n                    \n                                        <div class=\"property_agent_wrapper\">\n                        <div class=\"property_agent_image\" style=\"background-image:url('https:\/\/www.imobiliariarazente.com.br\/wp-content\/uploads\/2025\/11\/IMG_20260206_173612-120x120.jpg')\"><\/div> \n                        <div class=\"property_agent_image_sign\"><i class=\"fa fa-user-circle-o\" aria-hidden=\"true\"><\/i><\/div>\n                        razente                    <\/div>\n                \n                                                  <div class=\"listing_actions\">\n\n                                <div class=\"share_unit\">\n                                    <a href=\"https:\/\/www.facebook.com\/sharer.php?u=https:\/\/www.imobiliariarazente.com.br\/index.php\/properties\/avenida-rocha-pombo-2183-jardim-los-angeles-r-1-500-00000\/&amp;t=AVENIDA+ROCHA+POMBO%2C+2183+%26%238211%3B+JARDIM+LOS+ANGELES+%26%238211%3B+R%24+1.500.000%2C00\" target=\"_blank\" class=\"social_facebook\"><\/a>\n                                    <a href=\"https:\/\/twitter.com\/home?status=AVENIDA+ROCHA+POMBO%2C+2183+%26%238211%3B+JARDIM+LOS+ANGELES+%26%238211%3B+R%24+1.500.000%2C00+https%3A%2F%2Fwww.imobiliariarazente.com.br%2Findex.php%2Fproperties%2Favenida-rocha-pombo-2183-jardim-los-angeles-r-1-500-00000%2F\" class=\"social_tweet\" target=\"_blank\"><\/a>\n                                    <a href=\"https:\/\/plus.google.com\/share?url=https:\/\/www.imobiliariarazente.com.br\/index.php\/properties\/avenida-rocha-pombo-2183-jardim-los-angeles-r-1-500-00000\/\" onclick=\"javascript:window.open(this.href,'', 'menubar=no,toolbar=no,resizable=yes,scrollbars=yes,height=600,width=600');return false;\" target=\"_blank\" class=\"social_google\"><\/a> \n                                    <a href=\"https:\/\/pinterest.com\/pin\/create\/button\/?url=https:\/\/www.imobiliariarazente.com.br\/index.php\/properties\/avenida-rocha-pombo-2183-jardim-los-angeles-r-1-500-00000\/&amp;media=https:\/\/www.imobiliariarazente.com.br\/wp-content\/uploads\/2025\/11\/IMG_20260206_173612-1920x790.jpg&amp;description=AVENIDA+ROCHA+POMBO%2C+2183+%26%238211%3B+JARDIM+LOS+ANGELES+%26%238211%3B+R%24+1.500.000%2C00\" target=\"_blank\" class=\"social_pinterest\"><\/a>\n                                <\/div>\n\n\n\n                                <span class=\"share_list\"  data-original-title=\"share\" ><\/span>\n                                <span class=\"icon-fav icon-fav-off\" data-original-title=\"adicionar aos favoritos\" data-postid=\"28977\"><\/span>\n\n                                                            <\/div>\n                        <\/div>        <\/div>             \n    <\/div>\n\n<\/div><div class=\" slider_prop_wrapper   \" >  \n\n\n\n<div class=\"col-md- shortcode-col has_4per_row  listing_wrapper\" data-org=\"4\" data-listid=\"28705\" > \n    <div class=\"property_listing   \" data-link=\"https:\/\/www.imobiliariarazente.com.br\/index.php\/properties\/rua-marins-alves-de-camargo-1901-centro-r-350-00000\/\">\n        \n        <div class=\"listing-unit-img-wrapper\"><div class=\"prop_new_details\"><div class=\"prop_new_details_back\"><\/div><div class=\"property_media\"><i class=\"fa fa-camera\" aria-hidden=\"true\"><\/i> 17\n                <\/div><div class=\"property_location_image\"> \n                    <span class=\"property_marker\"><\/span><a href=\"https:\/\/www.imobiliariarazente.com.br\/index.php\/area\/centro\/\" rel=\"tag\">Centro<\/a>, <a href=\"https:\/\/www.imobiliariarazente.com.br\/index.php\/city\/nova-esperanca\/\" rel=\"tag\">Nova Esperan\u00e7a<\/a><\/div><\/div><a href=\"https:\/\/www.imobiliariarazente.com.br\/index.php\/properties\/rua-marins-alves-de-camargo-1901-centro-r-350-00000\/\"><img width=\"525\" height=\"328\" src=\"https:\/\/www.imobiliariarazente.com.br\/wp-content\/uploads\/2025\/08\/IMG_20250922_160808-525x328.jpg\" class=\"lazyload img-responsive wp-post-image\" alt=\"\" loading=\"lazy\" data-original=\"https:\/\/www.imobiliariarazente.com.br\/wp-content\/uploads\/2025\/08\/IMG_20250922_160808-525x328.jpg\" \/><\/a><\/div><div class=\"tag-wrapper\"><\/div>\n\n            <h4><a href=\"https:\/\/www.imobiliariarazente.com.br\/index.php\/properties\/rua-marins-alves-de-camargo-1901-centro-r-350-00000\/\">\n                RUA MARINS ALVES DE CAMARGO, 1901 &#8211; CE...                <\/a> \n            <\/h4> \n            \n            <div class=\"listing_unit_price_wrapper\"><span class=\"price_label price_label_before\"><\/span>  <span class=\"price_label\"><\/span><\/div>        \n        \n        \n           \n        \n                            <div class=\"listing_details the_grid_view\">\n                    ***VENDE \u2013 SE CASA*** em \u00f3tima localiza\u00e7\u00e3o Rua Marins Alves de Camargo, 1901 \u2013 Centro Valor: R$ 300.000,00 \u00c1rea do  <a href=\"https:\/\/www.imobiliariarazente.com.br\/index.php\/properties\/rua-marins-alves-de-camargo-1901-centro-r-350-00000\/\" class=\"unit_more_x\">[more]<\/a>                <\/div>\n\n                <div class=\"listing_details the_list_view\">\n                    ***VENDE \u2013 SE CASA*** em \u00f3tima localiza\u00e7\u00e3o Rua Marins Alves de Camargo, 1901 \u2013 Centro Valor: R$ 300.000,00 \u00c1rea do  <a href=\"https:\/\/www.imobiliariarazente.com.br\/index.php\/properties\/rua-marins-alves-de-camargo-1901-centro-r-350-00000\/\" class=\"unit_more_x\">[more]<\/a>                <\/div>\n               \n\n\n            <div class=\"property_listing_details\">\n                <a href=\"https:\/\/www.imobiliariarazente.com.br\/index.php\/properties\/rua-marins-alves-de-camargo-1901-centro-r-350-00000\/\" class=\"unit_details_x\">full info<\/a>            <\/div>\n               \n            <div class=\"property_location\">\n                    \n                                        <div class=\"property_agent_wrapper\">\n                        <div class=\"property_agent_image\" style=\"background-image:url('https:\/\/www.imobiliariarazente.com.br\/wp-content\/uploads\/2025\/08\/IMG_20250922_160808-120x120.jpg')\"><\/div> \n                        <div class=\"property_agent_image_sign\"><i class=\"fa fa-user-circle-o\" aria-hidden=\"true\"><\/i><\/div>\n                        razente                    <\/div>\n                \n                                                  <div class=\"listing_actions\">\n\n                                <div class=\"share_unit\">\n                                    <a href=\"https:\/\/www.facebook.com\/sharer.php?u=https:\/\/www.imobiliariarazente.com.br\/index.php\/properties\/rua-marins-alves-de-camargo-1901-centro-r-350-00000\/&amp;t=RUA+MARINS+ALVES+DE+CAMARGO%2C+1901+%26%238211%3B+CENTRO+%26%238211%3B+R%24+300.000%2C00\" target=\"_blank\" class=\"social_facebook\"><\/a>\n                                    <a href=\"https:\/\/twitter.com\/home?status=RUA+MARINS+ALVES+DE+CAMARGO%2C+1901+%26%238211%3B+CENTRO+%26%238211%3B+R%24+300.000%2C00+https%3A%2F%2Fwww.imobiliariarazente.com.br%2Findex.php%2Fproperties%2Frua-marins-alves-de-camargo-1901-centro-r-350-00000%2F\" class=\"social_tweet\" target=\"_blank\"><\/a>\n                                    <a href=\"https:\/\/plus.google.com\/share?url=https:\/\/www.imobiliariarazente.com.br\/index.php\/properties\/rua-marins-alves-de-camargo-1901-centro-r-350-00000\/\" onclick=\"javascript:window.open(this.href,'', 'menubar=no,toolbar=no,resizable=yes,scrollbars=yes,height=600,width=600');return false;\" target=\"_blank\" class=\"social_google\"><\/a> \n                                    <a href=\"https:\/\/pinterest.com\/pin\/create\/button\/?url=https:\/\/www.imobiliariarazente.com.br\/index.php\/properties\/rua-marins-alves-de-camargo-1901-centro-r-350-00000\/&amp;media=https:\/\/www.imobiliariarazente.com.br\/wp-content\/uploads\/2025\/08\/IMG_20250922_160808-1920x790.jpg&amp;description=RUA+MARINS+ALVES+DE+CAMARGO%2C+1901+%26%238211%3B+CENTRO+%26%238211%3B+R%24+300.000%2C00\" target=\"_blank\" class=\"social_pinterest\"><\/a>\n                                <\/div>\n\n\n\n                                <span class=\"share_list\"  data-original-title=\"share\" ><\/span>\n                                <span class=\"icon-fav icon-fav-off\" data-original-title=\"adicionar aos favoritos\" data-postid=\"28705\"><\/span>\n\n                                                            <\/div>\n                        <\/div>        <\/div>             \n    <\/div>\n\n<\/div><div class=\" slider_prop_wrapper   \" >  \n\n\n\n<div class=\"col-md- shortcode-col has_4per_row  listing_wrapper\" data-org=\"4\" data-listid=\"28194\" > \n    <div class=\"property_listing   \" data-link=\"https:\/\/www.imobiliariarazente.com.br\/index.php\/properties\/av-sao-jose-29-centro-r-450-00000\/\">\n        \n        <div class=\"listing-unit-img-wrapper\"><div class=\"prop_new_details\"><div class=\"prop_new_details_back\"><\/div><div class=\"property_media\"><i class=\"fa fa-camera\" aria-hidden=\"true\"><\/i> 5\n                <\/div><div class=\"property_location_image\"> \n                    <span class=\"property_marker\"><\/span><a href=\"https:\/\/www.imobiliariarazente.com.br\/index.php\/area\/centro\/\" rel=\"tag\">Centro<\/a>, <a href=\"https:\/\/www.imobiliariarazente.com.br\/index.php\/city\/nova-esperanca\/\" rel=\"tag\">Nova Esperan\u00e7a<\/a><\/div><\/div><a href=\"https:\/\/www.imobiliariarazente.com.br\/index.php\/properties\/av-sao-jose-29-centro-r-450-00000\/\"><img width=\"525\" height=\"328\" src=\"https:\/\/www.imobiliariarazente.com.br\/wp-content\/uploads\/2025\/02\/WhatsApp-Image-2025-01-28-at-12.17.30-3-1-525x328.jpeg\" class=\"lazyload img-responsive wp-post-image\" alt=\"\" loading=\"lazy\" data-original=\"https:\/\/www.imobiliariarazente.com.br\/wp-content\/uploads\/2025\/02\/WhatsApp-Image-2025-01-28-at-12.17.30-3-1-525x328.jpeg\" \/><\/a><\/div><div class=\"tag-wrapper\"><\/div>\n\n            <h4><a href=\"https:\/\/www.imobiliariarazente.com.br\/index.php\/properties\/av-sao-jose-29-centro-r-450-00000\/\">\n                AV. S\u00c3O JOSE , 29 &#8211; CENTRO &#8211; R$ ...                <\/a> \n            <\/h4> \n            \n            <div class=\"listing_unit_price_wrapper\"><span class=\"price_label price_label_before\"><\/span>  <span class=\"price_label\">450.000,00<\/span><\/div>        \n        \n        \n           \n        \n                            <div class=\"listing_details the_grid_view\">\n                    ***VENDE-SE *** em \u00f3tima localiza\u00e7\u00e3o Avenida S\u00e3o Jos\u00e9,\u00a0 \u2013 Centro Valor: R$ 450.000,00 \u00c1rea total: 630,70m\u00b2 \u00c1rea con <a href=\"https:\/\/www.imobiliariarazente.com.br\/index.php\/properties\/av-sao-jose-29-centro-r-450-00000\/\" class=\"unit_more_x\">[more]<\/a>                <\/div>\n\n                <div class=\"listing_details the_list_view\">\n                    ***VENDE-SE *** em \u00f3tima localiza\u00e7\u00e3o Avenida S\u00e3o Jos\u00e9,\u00a0 \u2013 Centro Valor: R$ 450.000,00 \u00c1rea total: 630,70m\u00b2 \u00c1rea con <a href=\"https:\/\/www.imobiliariarazente.com.br\/index.php\/properties\/av-sao-jose-29-centro-r-450-00000\/\" class=\"unit_more_x\">[more]<\/a>                <\/div>\n               \n\n\n            <div class=\"property_listing_details\">\n                <a href=\"https:\/\/www.imobiliariarazente.com.br\/index.php\/properties\/av-sao-jose-29-centro-r-450-00000\/\" class=\"unit_details_x\">full info<\/a>            <\/div>\n               \n            <div class=\"property_location\">\n                    \n                                        <div class=\"property_agent_wrapper\">\n                        <div class=\"property_agent_image\" style=\"background-image:url('https:\/\/www.imobiliariarazente.com.br\/wp-content\/uploads\/2025\/02\/WhatsApp-Image-2025-01-28-at-12.17.30-3-1-120x120.jpeg')\"><\/div> \n                        <div class=\"property_agent_image_sign\"><i class=\"fa fa-user-circle-o\" aria-hidden=\"true\"><\/i><\/div>\n                        razente                    <\/div>\n                \n                                                  <div class=\"listing_actions\">\n\n                                <div class=\"share_unit\">\n                                    <a href=\"https:\/\/www.facebook.com\/sharer.php?u=https:\/\/www.imobiliariarazente.com.br\/index.php\/properties\/av-sao-jose-29-centro-r-450-00000\/&amp;t=AV.+S%C3%83O+JOSE+%2C+29+%26%238211%3B+CENTRO+%26%238211%3B+R%24+450.000%2C00\" target=\"_blank\" class=\"social_facebook\"><\/a>\n                                    <a href=\"https:\/\/twitter.com\/home?status=AV.+S%C3%83O+JOSE+%2C+29+%26%238211%3B+CENTRO+%26%238211%3B+R%24+450.000%2C00+https%3A%2F%2Fwww.imobiliariarazente.com.br%2Findex.php%2Fproperties%2Fav-sao-jose-29-centro-r-450-00000%2F\" class=\"social_tweet\" target=\"_blank\"><\/a>\n                                    <a href=\"https:\/\/plus.google.com\/share?url=https:\/\/www.imobiliariarazente.com.br\/index.php\/properties\/av-sao-jose-29-centro-r-450-00000\/\" onclick=\"javascript:window.open(this.href,'', 'menubar=no,toolbar=no,resizable=yes,scrollbars=yes,height=600,width=600');return false;\" target=\"_blank\" class=\"social_google\"><\/a> \n                                    <a href=\"https:\/\/pinterest.com\/pin\/create\/button\/?url=https:\/\/www.imobiliariarazente.com.br\/index.php\/properties\/av-sao-jose-29-centro-r-450-00000\/&amp;media=https:\/\/www.imobiliariarazente.com.br\/wp-content\/uploads\/2025\/02\/WhatsApp-Image-2025-01-28-at-12.17.30-3-1-1280x790.jpeg&amp;description=AV.+S%C3%83O+JOSE+%2C+29+%26%238211%3B+CENTRO+%26%238211%3B+R%24+450.000%2C00\" target=\"_blank\" class=\"social_pinterest\"><\/a>\n                                <\/div>\n\n\n\n                                <span class=\"share_list\"  data-original-title=\"share\" ><\/span>\n                                <span class=\"icon-fav icon-fav-off\" data-original-title=\"adicionar aos favoritos\" data-postid=\"28194\"><\/span>\n\n                                                            <\/div>\n                        <\/div>        <\/div>             \n    <\/div>\n\n<\/div><div class=\" slider_prop_wrapper   \" >  \n\n\n\n<div class=\"col-md- shortcode-col has_4per_row  listing_wrapper\" data-org=\"4\" data-listid=\"28017\" > \n    <div class=\"property_listing   \" data-link=\"https:\/\/www.imobiliariarazente.com.br\/index.php\/properties\/rua-otavio-joao-razente-191-jardim-sao-jose-220-00000\/\">\n        \n        <div class=\"listing-unit-img-wrapper\"><div class=\"prop_new_details\"><div class=\"prop_new_details_back\"><\/div><div class=\"property_media\"><i class=\"fa fa-camera\" aria-hidden=\"true\"><\/i> 14\n                <\/div><div class=\"property_location_image\"> \n                    <span class=\"property_marker\"><\/span><a href=\"https:\/\/www.imobiliariarazente.com.br\/index.php\/area\/jardim-sao-jose\/\" rel=\"tag\">Jardim S\u00e3o Jos\u00e9<\/a>, <a href=\"https:\/\/www.imobiliariarazente.com.br\/index.php\/city\/nova-esperanca\/\" rel=\"tag\">Nova Esperan\u00e7a<\/a><\/div><\/div><a href=\"https:\/\/www.imobiliariarazente.com.br\/index.php\/properties\/rua-otavio-joao-razente-191-jardim-sao-jose-220-00000\/\"><img width=\"525\" height=\"328\" src=\"https:\/\/www.imobiliariarazente.com.br\/wp-content\/uploads\/2024\/11\/IMG_20241105_102151-525x328.jpg\" class=\"lazyload img-responsive wp-post-image\" alt=\"\" loading=\"lazy\" data-original=\"https:\/\/www.imobiliariarazente.com.br\/wp-content\/uploads\/2024\/11\/IMG_20241105_102151-525x328.jpg\" \/><\/a><\/div><div class=\"tag-wrapper\"><\/div>\n\n            <h4><a href=\"https:\/\/www.imobiliariarazente.com.br\/index.php\/properties\/rua-otavio-joao-razente-191-jardim-sao-jose-220-00000\/\">\n                RUA OT\u00c1VIO JO\u00c3O RAZENTE, 191 &#8211; JARDIM ...                <\/a> \n            <\/h4> \n            \n            <div class=\"listing_unit_price_wrapper\"><span class=\"price_label price_label_before\"><\/span>  <span class=\"price_label\">R$ 190.000,00<\/span><\/div>        \n        \n        \n           \n        \n                            <div class=\"listing_details the_grid_view\">\n                    ***VENDE \u2013 SE CASA***\u00a0 \u00a0 em \u00f3tima localiza\u00e7\u00e3o Rua Ot\u00e1vio Jo\u00e3o Razente, 191 \u2013 Jardim S\u00e3o Jos\u00e9 Valor: R$ 190.000,00 \u00c1 <a href=\"https:\/\/www.imobiliariarazente.com.br\/index.php\/properties\/rua-otavio-joao-razente-191-jardim-sao-jose-220-00000\/\" class=\"unit_more_x\">[more]<\/a>                <\/div>\n\n                <div class=\"listing_details the_list_view\">\n                    ***VENDE \u2013 SE CASA***\u00a0 \u00a0 em \u00f3tima localiza\u00e7\u00e3o Rua Ot\u00e1vio Jo\u00e3o Razente, 191 \u2013 Jardim S\u00e3o Jos\u00e9 Valor: R$ 190.000,00 \u00c1 <a href=\"https:\/\/www.imobiliariarazente.com.br\/index.php\/properties\/rua-otavio-joao-razente-191-jardim-sao-jose-220-00000\/\" class=\"unit_more_x\">[more]<\/a>                <\/div>\n               \n\n\n            <div class=\"property_listing_details\">\n                <a href=\"https:\/\/www.imobiliariarazente.com.br\/index.php\/properties\/rua-otavio-joao-razente-191-jardim-sao-jose-220-00000\/\" class=\"unit_details_x\">full info<\/a>            <\/div>\n               \n            <div class=\"property_location\">\n                    \n                                        <div class=\"property_agent_wrapper\">\n                        <div class=\"property_agent_image\" style=\"background-image:url('https:\/\/www.imobiliariarazente.com.br\/wp-content\/uploads\/2024\/11\/IMG_20241105_102151-120x120.jpg')\"><\/div> \n                        <div class=\"property_agent_image_sign\"><i class=\"fa fa-user-circle-o\" aria-hidden=\"true\"><\/i><\/div>\n                        razente                    <\/div>\n                \n                                                  <div class=\"listing_actions\">\n\n                                <div class=\"share_unit\">\n                                    <a href=\"https:\/\/www.facebook.com\/sharer.php?u=https:\/\/www.imobiliariarazente.com.br\/index.php\/properties\/rua-otavio-joao-razente-191-jardim-sao-jose-220-00000\/&amp;t=RUA+OT%C3%81VIO+JO%C3%83O+RAZENTE%2C+191+%26%238211%3B+JARDIM+S%C3%83O+JOS%C3%89+%26%238211%3B+R%24+190.000%2C00\" target=\"_blank\" class=\"social_facebook\"><\/a>\n                                    <a href=\"https:\/\/twitter.com\/home?status=RUA+OT%C3%81VIO+JO%C3%83O+RAZENTE%2C+191+%26%238211%3B+JARDIM+S%C3%83O+JOS%C3%89+%26%238211%3B+R%24+190.000%2C00+https%3A%2F%2Fwww.imobiliariarazente.com.br%2Findex.php%2Fproperties%2Frua-otavio-joao-razente-191-jardim-sao-jose-220-00000%2F\" class=\"social_tweet\" target=\"_blank\"><\/a>\n                                    <a href=\"https:\/\/plus.google.com\/share?url=https:\/\/www.imobiliariarazente.com.br\/index.php\/properties\/rua-otavio-joao-razente-191-jardim-sao-jose-220-00000\/\" onclick=\"javascript:window.open(this.href,'', 'menubar=no,toolbar=no,resizable=yes,scrollbars=yes,height=600,width=600');return false;\" target=\"_blank\" class=\"social_google\"><\/a> \n                                    <a href=\"https:\/\/pinterest.com\/pin\/create\/button\/?url=https:\/\/www.imobiliariarazente.com.br\/index.php\/properties\/rua-otavio-joao-razente-191-jardim-sao-jose-220-00000\/&amp;media=https:\/\/www.imobiliariarazente.com.br\/wp-content\/uploads\/2024\/11\/IMG_20241105_102151-1920x790.jpg&amp;description=RUA+OT%C3%81VIO+JO%C3%83O+RAZENTE%2C+191+%26%238211%3B+JARDIM+S%C3%83O+JOS%C3%89+%26%238211%3B+R%24+190.000%2C00\" target=\"_blank\" class=\"social_pinterest\"><\/a>\n                                <\/div>\n\n\n\n                                <span class=\"share_list\"  data-original-title=\"share\" ><\/span>\n                                <span class=\"icon-fav icon-fav-off\" data-original-title=\"adicionar aos favoritos\" data-postid=\"28017\"><\/span>\n\n                                                            <\/div>\n                        <\/div>        <\/div>             \n    <\/div>\n\n<\/div><div class=\" slider_prop_wrapper   \" >  \n\n\n\n<div class=\"col-md- shortcode-col has_4per_row  listing_wrapper\" data-org=\"4\" data-listid=\"27965\" > \n    <div class=\"property_listing   \" data-link=\"https:\/\/www.imobiliariarazente.com.br\/index.php\/properties\/avenida-rocha-pombo-1979-r-550-00000\/\">\n        \n        <div class=\"listing-unit-img-wrapper\"><div class=\"prop_new_details\"><div class=\"prop_new_details_back\"><\/div><div class=\"property_media\"><i class=\"fa fa-camera\" aria-hidden=\"true\"><\/i> 11\n                <\/div><div class=\"property_location_image\"> \n                    <span class=\"property_marker\"><\/span><a href=\"https:\/\/www.imobiliariarazente.com.br\/index.php\/area\/jardim-los-angeles\/\" rel=\"tag\">Jardim Los Angeles<\/a>, <\/div><\/div><a href=\"https:\/\/www.imobiliariarazente.com.br\/index.php\/properties\/avenida-rocha-pombo-1979-r-550-00000\/\"><img width=\"525\" height=\"328\" src=\"https:\/\/www.imobiliariarazente.com.br\/wp-content\/uploads\/2024\/10\/WhatsApp-Image-2024-10-14-at-09.12.11-525x328.jpeg\" class=\"lazyload img-responsive wp-post-image\" alt=\"\" loading=\"lazy\" data-original=\"https:\/\/www.imobiliariarazente.com.br\/wp-content\/uploads\/2024\/10\/WhatsApp-Image-2024-10-14-at-09.12.11-525x328.jpeg\" \/><\/a><\/div><div class=\"tag-wrapper\"><\/div>\n\n            <h4><a href=\"https:\/\/www.imobiliariarazente.com.br\/index.php\/properties\/avenida-rocha-pombo-1979-r-550-00000\/\">\n                AVENIDA ROCHA POMBO, 1979 &#8211; R$ 550.000...                <\/a> \n            <\/h4> \n            \n            <div class=\"listing_unit_price_wrapper\"><span class=\"price_label price_label_before\"><\/span>  <span class=\"price_label\">550.000,00<\/span><\/div>        \n        \n        \n           \n        \n                            <div class=\"listing_details the_grid_view\">\n                    ***VENDE \u2013 SE CASA*** em \u00f3tima localiza\u00e7\u00e3o Avenida Rocha Pombo, 1979 \u2013 Jardim Los Angeles Valor: R$ 550.000,00 \u00c1rea <a href=\"https:\/\/www.imobiliariarazente.com.br\/index.php\/properties\/avenida-rocha-pombo-1979-r-550-00000\/\" class=\"unit_more_x\">[more]<\/a>                <\/div>\n\n                <div class=\"listing_details the_list_view\">\n                    ***VENDE \u2013 SE CASA*** em \u00f3tima localiza\u00e7\u00e3o Avenida Rocha Pombo, 1979 \u2013 Jardim Los Angeles Valor: R$ 550.000,00 \u00c1rea <a href=\"https:\/\/www.imobiliariarazente.com.br\/index.php\/properties\/avenida-rocha-pombo-1979-r-550-00000\/\" class=\"unit_more_x\">[more]<\/a>                <\/div>\n               \n\n\n            <div class=\"property_listing_details\">\n                <a href=\"https:\/\/www.imobiliariarazente.com.br\/index.php\/properties\/avenida-rocha-pombo-1979-r-550-00000\/\" class=\"unit_details_x\">full info<\/a>            <\/div>\n               \n            <div class=\"property_location\">\n                    \n                                        <div class=\"property_agent_wrapper\">\n                        <div class=\"property_agent_image\" style=\"background-image:url('https:\/\/www.imobiliariarazente.com.br\/wp-content\/uploads\/2024\/10\/WhatsApp-Image-2024-10-14-at-09.12.11-120x120.jpeg')\"><\/div> \n                        <div class=\"property_agent_image_sign\"><i class=\"fa fa-user-circle-o\" aria-hidden=\"true\"><\/i><\/div>\n                        razente                    <\/div>\n                \n                                                  <div class=\"listing_actions\">\n\n                                <div class=\"share_unit\">\n                                    <a href=\"https:\/\/www.facebook.com\/sharer.php?u=https:\/\/www.imobiliariarazente.com.br\/index.php\/properties\/avenida-rocha-pombo-1979-r-550-00000\/&amp;t=AVENIDA+ROCHA+POMBO%2C+1979+%26%238211%3B+R%24+550.000%2C00\" target=\"_blank\" class=\"social_facebook\"><\/a>\n                                    <a href=\"https:\/\/twitter.com\/home?status=AVENIDA+ROCHA+POMBO%2C+1979+%26%238211%3B+R%24+550.000%2C00+https%3A%2F%2Fwww.imobiliariarazente.com.br%2Findex.php%2Fproperties%2Favenida-rocha-pombo-1979-r-550-00000%2F\" class=\"social_tweet\" target=\"_blank\"><\/a>\n                                    <a href=\"https:\/\/plus.google.com\/share?url=https:\/\/www.imobiliariarazente.com.br\/index.php\/properties\/avenida-rocha-pombo-1979-r-550-00000\/\" onclick=\"javascript:window.open(this.href,'', 'menubar=no,toolbar=no,resizable=yes,scrollbars=yes,height=600,width=600');return false;\" target=\"_blank\" class=\"social_google\"><\/a> \n                                    <a href=\"https:\/\/pinterest.com\/pin\/create\/button\/?url=https:\/\/www.imobiliariarazente.com.br\/index.php\/properties\/avenida-rocha-pombo-1979-r-550-00000\/&amp;media=https:\/\/www.imobiliariarazente.com.br\/wp-content\/uploads\/2024\/10\/WhatsApp-Image-2024-10-14-at-09.12.11.jpeg&amp;description=AVENIDA+ROCHA+POMBO%2C+1979+%26%238211%3B+R%24+550.000%2C00\" target=\"_blank\" class=\"social_pinterest\"><\/a>\n                                <\/div>\n\n\n\n                                <span class=\"share_list\"  data-original-title=\"share\" ><\/span>\n                                <span class=\"icon-fav icon-fav-off\" data-original-title=\"adicionar aos favoritos\" data-postid=\"27965\"><\/span>\n\n                                                            <\/div>\n                        <\/div>        <\/div>             \n    <\/div>\n\n<\/div><div class=\" slider_prop_wrapper   \" >  \n\n\n\n<div class=\"col-md- shortcode-col has_4per_row  listing_wrapper\" data-org=\"4\" data-listid=\"26388\" > \n    <div class=\"property_listing   \" data-link=\"https:\/\/www.imobiliariarazente.com.br\/index.php\/properties\/rua-palmas-572-conjunto-capelinha-r-85-00000\/\">\n        \n        <div class=\"listing-unit-img-wrapper\"><div class=\"prop_new_details\"><div class=\"prop_new_details_back\"><\/div><div class=\"property_media\"><i class=\"fa fa-camera\" aria-hidden=\"true\"><\/i> 2\n                <\/div><div class=\"property_location_image\"> \n                    <span class=\"property_marker\"><\/span><a href=\"https:\/\/www.imobiliariarazente.com.br\/index.php\/area\/capelinha\/\" rel=\"tag\">Capelinha<\/a>, <a href=\"https:\/\/www.imobiliariarazente.com.br\/index.php\/city\/nova-esperanca\/\" rel=\"tag\">Nova Esperan\u00e7a<\/a><\/div><\/div><a href=\"https:\/\/www.imobiliariarazente.com.br\/index.php\/properties\/rua-palmas-572-conjunto-capelinha-r-85-00000\/\"><img width=\"525\" height=\"328\" src=\"https:\/\/www.imobiliariarazente.com.br\/wp-content\/uploads\/2023\/04\/IMG_20230427_100227-525x328.jpg\" class=\"lazyload img-responsive wp-post-image\" alt=\"\" loading=\"lazy\" data-original=\"https:\/\/www.imobiliariarazente.com.br\/wp-content\/uploads\/2023\/04\/IMG_20230427_100227-525x328.jpg\" \/><\/a><\/div><div class=\"tag-wrapper\"><\/div>\n\n            <h4><a href=\"https:\/\/www.imobiliariarazente.com.br\/index.php\/properties\/rua-palmas-572-conjunto-capelinha-r-85-00000\/\">\n                RUA PALMAS, 572 A &#8211; CONJUNTO CAPELINHA...                <\/a> \n            <\/h4> \n            \n            <div class=\"listing_unit_price_wrapper\"><span class=\"price_label price_label_before\"><\/span>  <span class=\"price_label\"><\/span><\/div>        \n        \n        \n           \n        \n                            <div class=\"listing_details the_grid_view\">\n                    ***VENDE-SE CASA*** Rua Palmas,\u00a0 572 A \u2013 Conjunto Capelinha R$ 85.000,00 \u00c1rea do lote: 143m\u00b2 \u00c1rea de constru\u00e7\u00e3o: 53 <a href=\"https:\/\/www.imobiliariarazente.com.br\/index.php\/properties\/rua-palmas-572-conjunto-capelinha-r-85-00000\/\" class=\"unit_more_x\">[more]<\/a>                <\/div>\n\n                <div class=\"listing_details the_list_view\">\n                    ***VENDE-SE CASA*** Rua Palmas,\u00a0 572 A \u2013 Conjunto Capelinha R$ 85.000,00 \u00c1rea do lote: 143m\u00b2 \u00c1rea de constru\u00e7\u00e3o: 53 <a href=\"https:\/\/www.imobiliariarazente.com.br\/index.php\/properties\/rua-palmas-572-conjunto-capelinha-r-85-00000\/\" class=\"unit_more_x\">[more]<\/a>                <\/div>\n               \n\n\n            <div class=\"property_listing_details\">\n                <a href=\"https:\/\/www.imobiliariarazente.com.br\/index.php\/properties\/rua-palmas-572-conjunto-capelinha-r-85-00000\/\" class=\"unit_details_x\">full info<\/a>            <\/div>\n               \n            <div class=\"property_location\">\n                    \n                                        <div class=\"property_agent_wrapper\">\n                        <div class=\"property_agent_image\" style=\"background-image:url('https:\/\/www.imobiliariarazente.com.br\/wp-content\/uploads\/2023\/04\/IMG_20230427_100227-120x120.jpg')\"><\/div> \n                        <div class=\"property_agent_image_sign\"><i class=\"fa fa-user-circle-o\" aria-hidden=\"true\"><\/i><\/div>\n                        razente                    <\/div>\n                \n                                                  <div class=\"listing_actions\">\n\n                                <div class=\"share_unit\">\n                                    <a href=\"https:\/\/www.facebook.com\/sharer.php?u=https:\/\/www.imobiliariarazente.com.br\/index.php\/properties\/rua-palmas-572-conjunto-capelinha-r-85-00000\/&amp;t=RUA+PALMAS%2C+572+A+%26%238211%3B+CONJUNTO+CAPELINHA+-R%24+85.000%2C00\" target=\"_blank\" class=\"social_facebook\"><\/a>\n                                    <a href=\"https:\/\/twitter.com\/home?status=RUA+PALMAS%2C+572+A+%26%238211%3B+CONJUNTO+CAPELINHA+-R%24+85.000%2C00+https%3A%2F%2Fwww.imobiliariarazente.com.br%2Findex.php%2Fproperties%2Frua-palmas-572-conjunto-capelinha-r-85-00000%2F\" class=\"social_tweet\" target=\"_blank\"><\/a>\n                                    <a href=\"https:\/\/plus.google.com\/share?url=https:\/\/www.imobiliariarazente.com.br\/index.php\/properties\/rua-palmas-572-conjunto-capelinha-r-85-00000\/\" onclick=\"javascript:window.open(this.href,'', 'menubar=no,toolbar=no,resizable=yes,scrollbars=yes,height=600,width=600');return false;\" target=\"_blank\" class=\"social_google\"><\/a> \n                                    <a href=\"https:\/\/pinterest.com\/pin\/create\/button\/?url=https:\/\/www.imobiliariarazente.com.br\/index.php\/properties\/rua-palmas-572-conjunto-capelinha-r-85-00000\/&amp;media=https:\/\/www.imobiliariarazente.com.br\/wp-content\/uploads\/2023\/04\/IMG_20230427_100227-1920x790.jpg&amp;description=RUA+PALMAS%2C+572+A+%26%238211%3B+CONJUNTO+CAPELINHA+-R%24+85.000%2C00\" target=\"_blank\" class=\"social_pinterest\"><\/a>\n                                <\/div>\n\n\n\n                                <span class=\"share_list\"  data-original-title=\"share\" ><\/span>\n                                <span class=\"icon-fav icon-fav-off\" data-original-title=\"adicionar aos favoritos\" data-postid=\"26388\"><\/span>\n\n                                                            <\/div>\n                        <\/div>        <\/div>             \n    <\/div>\n\n<\/div><div class=\" slider_prop_wrapper   \" >  \n\n\n\n<div class=\"col-md- shortcode-col has_4per_row  listing_wrapper\" data-org=\"4\" data-listid=\"25501\" > \n    <div class=\"property_listing   \" data-link=\"https:\/\/www.imobiliariarazente.com.br\/index.php\/properties\/rua-ulisses-roseira-182-r-400-00000\/\">\n        \n        <div class=\"listing-unit-img-wrapper\"><div class=\"prop_new_details\"><div class=\"prop_new_details_back\"><\/div><div class=\"property_media\"><i class=\"fa fa-camera\" aria-hidden=\"true\"><\/i> 11\n                <\/div><div class=\"property_location_image\"> \n                    <span class=\"property_marker\"><\/span><a href=\"https:\/\/www.imobiliariarazente.com.br\/index.php\/area\/centro\/\" rel=\"tag\">Centro<\/a>, <a href=\"https:\/\/www.imobiliariarazente.com.br\/index.php\/city\/nova-esperanca\/\" rel=\"tag\">Nova Esperan\u00e7a<\/a><\/div><\/div><a href=\"https:\/\/www.imobiliariarazente.com.br\/index.php\/properties\/rua-ulisses-roseira-182-r-400-00000\/\"><img width=\"525\" height=\"328\" src=\"https:\/\/www.imobiliariarazente.com.br\/wp-content\/uploads\/2022\/07\/IMG_20220726_103525-525x328.jpg\" class=\"lazyload img-responsive wp-post-image\" alt=\"\" loading=\"lazy\" data-original=\"https:\/\/www.imobiliariarazente.com.br\/wp-content\/uploads\/2022\/07\/IMG_20220726_103525-525x328.jpg\" \/><\/a><\/div><div class=\"tag-wrapper\"><\/div>\n\n            <h4><a href=\"https:\/\/www.imobiliariarazente.com.br\/index.php\/properties\/rua-ulisses-roseira-182-r-400-00000\/\">\n                RUA ULISSES ROSEIRA ,182 &#8211; CENTRO &#82...                <\/a> \n            <\/h4> \n            \n            <div class=\"listing_unit_price_wrapper\"><span class=\"price_label price_label_before\"><\/span>  <span class=\"price_label\">350.000,00<\/span><\/div>        \n        \n        \n           \n        \n                            <div class=\"listing_details the_grid_view\">\n                    ***VENDE -SE CASA EM REGI\u00c3O CENTRAL*** Rua Ulisses Roseira, 182 \u2013\u00a0 Centro R$ 350.000,00 \u00c1rea do lote: 831m\u00b2 \u00c1rea de <a href=\"https:\/\/www.imobiliariarazente.com.br\/index.php\/properties\/rua-ulisses-roseira-182-r-400-00000\/\" class=\"unit_more_x\">[more]<\/a>                <\/div>\n\n                <div class=\"listing_details the_list_view\">\n                    ***VENDE -SE CASA EM REGI\u00c3O CENTRAL*** Rua Ulisses Roseira, 182 \u2013\u00a0 Centro R$ 350.000,00 \u00c1rea do lote: 831m\u00b2 \u00c1rea de <a href=\"https:\/\/www.imobiliariarazente.com.br\/index.php\/properties\/rua-ulisses-roseira-182-r-400-00000\/\" class=\"unit_more_x\">[more]<\/a>                <\/div>\n               \n\n\n            <div class=\"property_listing_details\">\n                <a href=\"https:\/\/www.imobiliariarazente.com.br\/index.php\/properties\/rua-ulisses-roseira-182-r-400-00000\/\" class=\"unit_details_x\">full info<\/a>            <\/div>\n               \n            <div class=\"property_location\">\n                    \n                                        <div class=\"property_agent_wrapper\">\n                        <div class=\"property_agent_image\" style=\"background-image:url('https:\/\/www.imobiliariarazente.com.br\/wp-content\/uploads\/2022\/07\/IMG_20220726_103525-120x120.jpg')\"><\/div> \n                        <div class=\"property_agent_image_sign\"><i class=\"fa fa-user-circle-o\" aria-hidden=\"true\"><\/i><\/div>\n                        razente                    <\/div>\n                \n                                                  <div class=\"listing_actions\">\n\n                                <div class=\"share_unit\">\n                                    <a href=\"https:\/\/www.facebook.com\/sharer.php?u=https:\/\/www.imobiliariarazente.com.br\/index.php\/properties\/rua-ulisses-roseira-182-r-400-00000\/&amp;t=RUA+ULISSES+ROSEIRA+%2C182+%26%238211%3B+CENTRO+%26%238211%3B++R%24350.000%2C00\" target=\"_blank\" class=\"social_facebook\"><\/a>\n                                    <a href=\"https:\/\/twitter.com\/home?status=RUA+ULISSES+ROSEIRA+%2C182+%26%238211%3B+CENTRO+%26%238211%3B++R%24350.000%2C00+https%3A%2F%2Fwww.imobiliariarazente.com.br%2Findex.php%2Fproperties%2Frua-ulisses-roseira-182-r-400-00000%2F\" class=\"social_tweet\" target=\"_blank\"><\/a>\n                                    <a href=\"https:\/\/plus.google.com\/share?url=https:\/\/www.imobiliariarazente.com.br\/index.php\/properties\/rua-ulisses-roseira-182-r-400-00000\/\" onclick=\"javascript:window.open(this.href,'', 'menubar=no,toolbar=no,resizable=yes,scrollbars=yes,height=600,width=600');return false;\" target=\"_blank\" class=\"social_google\"><\/a> \n                                    <a href=\"https:\/\/pinterest.com\/pin\/create\/button\/?url=https:\/\/www.imobiliariarazente.com.br\/index.php\/properties\/rua-ulisses-roseira-182-r-400-00000\/&amp;media=https:\/\/www.imobiliariarazente.com.br\/wp-content\/uploads\/2022\/07\/IMG_20220726_103525-1920x790.jpg&amp;description=RUA+ULISSES+ROSEIRA+%2C182+%26%238211%3B+CENTRO+%26%238211%3B++R%24350.000%2C00\" target=\"_blank\" class=\"social_pinterest\"><\/a>\n                                <\/div>\n\n\n\n                                <span class=\"share_list\"  data-original-title=\"share\" ><\/span>\n                                <span class=\"icon-fav icon-fav-off\" data-original-title=\"adicionar aos favoritos\" data-postid=\"25501\"><\/span>\n\n                                                            <\/div>\n                        <\/div>        <\/div>             \n    <\/div>\n\n<\/div><div class=\" slider_prop_wrapper   \" >  \n\n\n\n<div class=\"col-md- shortcode-col has_4per_row  listing_wrapper\" data-org=\"4\" data-listid=\"25243\" > \n    <div class=\"property_listing   \" data-link=\"https:\/\/www.imobiliariarazente.com.br\/index.php\/properties\/rua-massao-tokumoto-727-c0njunto-nova-esperanca-r-45-00000\/\">\n        \n        <div class=\"listing-unit-img-wrapper\"><div class=\"prop_new_details\"><div class=\"prop_new_details_back\"><\/div><div class=\"property_media\"><i class=\"fa fa-camera\" aria-hidden=\"true\"><\/i> 1\n                <\/div><div class=\"property_location_image\"> \n                    <span class=\"property_marker\"><\/span><a href=\"https:\/\/www.imobiliariarazente.com.br\/index.php\/area\/conjunto-nova-esperanca\/\" rel=\"tag\">Conjunto Nova Esperan\u00e7a<\/a>, <a href=\"https:\/\/www.imobiliariarazente.com.br\/index.php\/city\/nova-esperanca\/\" rel=\"tag\">Nova Esperan\u00e7a<\/a><\/div><\/div><a href=\"https:\/\/www.imobiliariarazente.com.br\/index.php\/properties\/rua-massao-tokumoto-727-c0njunto-nova-esperanca-r-45-00000\/\"><img width=\"525\" height=\"328\" src=\"https:\/\/www.imobiliariarazente.com.br\/wp-content\/uploads\/2022\/05\/IMG_20220509_170251-525x328.jpg\" class=\"lazyload img-responsive wp-post-image\" alt=\"\" loading=\"lazy\" data-original=\"https:\/\/www.imobiliariarazente.com.br\/wp-content\/uploads\/2022\/05\/IMG_20220509_170251-525x328.jpg\" \/><\/a><\/div><div class=\"tag-wrapper\"><\/div>\n\n            <h4><a href=\"https:\/\/www.imobiliariarazente.com.br\/index.php\/properties\/rua-massao-tokumoto-727-c0njunto-nova-esperanca-r-45-00000\/\">\n                RUA MASSAO TOKUMOTO, 727 &#8211; CONJUNTO NO...                <\/a> \n            <\/h4> \n            \n            <div class=\"listing_unit_price_wrapper\"><span class=\"price_label price_label_before\"><\/span>  <span class=\"price_label\">45.000,00<\/span><\/div>        \n        \n        \n           \n        \n                            <div class=\"listing_details the_grid_view\">\n                    VENDE-SE CASA Rua Massao Tokumoto, 727 &#8211; Conj. Nova Esperan\u00e7a R$ 45.000,00 Caracter\u00edstica: \u00c1rea do terreno de <a href=\"https:\/\/www.imobiliariarazente.com.br\/index.php\/properties\/rua-massao-tokumoto-727-c0njunto-nova-esperanca-r-45-00000\/\" class=\"unit_more_x\">[more]<\/a>                <\/div>\n\n                <div class=\"listing_details the_list_view\">\n                    VENDE-SE CASA Rua Massao Tokumoto, 727 &#8211; Conj. Nova Esperan\u00e7a R$ 45.000,00 Caracter\u00edstica: \u00c1rea do terreno de <a href=\"https:\/\/www.imobiliariarazente.com.br\/index.php\/properties\/rua-massao-tokumoto-727-c0njunto-nova-esperanca-r-45-00000\/\" class=\"unit_more_x\">[more]<\/a>                <\/div>\n               \n\n\n            <div class=\"property_listing_details\">\n                <a href=\"https:\/\/www.imobiliariarazente.com.br\/index.php\/properties\/rua-massao-tokumoto-727-c0njunto-nova-esperanca-r-45-00000\/\" class=\"unit_details_x\">full info<\/a>            <\/div>\n               \n            <div class=\"property_location\">\n                    \n                                        <div class=\"property_agent_wrapper\">\n                        <div class=\"property_agent_image\" style=\"background-image:url('https:\/\/www.imobiliariarazente.com.br\/wp-content\/uploads\/2022\/05\/IMG_20220509_170251-120x120.jpg')\"><\/div> \n                        <div class=\"property_agent_image_sign\"><i class=\"fa fa-user-circle-o\" aria-hidden=\"true\"><\/i><\/div>\n                        razente                    <\/div>\n                \n                                                  <div class=\"listing_actions\">\n\n                                <div class=\"share_unit\">\n                                    <a href=\"https:\/\/www.facebook.com\/sharer.php?u=https:\/\/www.imobiliariarazente.com.br\/index.php\/properties\/rua-massao-tokumoto-727-c0njunto-nova-esperanca-r-45-00000\/&amp;t=RUA+MASSAO+TOKUMOTO%2C+727+%26%238211%3B+CONJUNTO+NOVA+ESPERAN%C3%87A+%26%238211%3B+R%24+45.000%2C00\" target=\"_blank\" class=\"social_facebook\"><\/a>\n                                    <a href=\"https:\/\/twitter.com\/home?status=RUA+MASSAO+TOKUMOTO%2C+727+%26%238211%3B+CONJUNTO+NOVA+ESPERAN%C3%87A+%26%238211%3B+R%24+45.000%2C00+https%3A%2F%2Fwww.imobiliariarazente.com.br%2Findex.php%2Fproperties%2Frua-massao-tokumoto-727-c0njunto-nova-esperanca-r-45-00000%2F\" class=\"social_tweet\" target=\"_blank\"><\/a>\n                                    <a href=\"https:\/\/plus.google.com\/share?url=https:\/\/www.imobiliariarazente.com.br\/index.php\/properties\/rua-massao-tokumoto-727-c0njunto-nova-esperanca-r-45-00000\/\" onclick=\"javascript:window.open(this.href,'', 'menubar=no,toolbar=no,resizable=yes,scrollbars=yes,height=600,width=600');return false;\" target=\"_blank\" class=\"social_google\"><\/a> \n                                    <a href=\"https:\/\/pinterest.com\/pin\/create\/button\/?url=https:\/\/www.imobiliariarazente.com.br\/index.php\/properties\/rua-massao-tokumoto-727-c0njunto-nova-esperanca-r-45-00000\/&amp;media=https:\/\/www.imobiliariarazente.com.br\/wp-content\/uploads\/2022\/05\/IMG_20220509_170251-1920x790.jpg&amp;description=RUA+MASSAO+TOKUMOTO%2C+727+%26%238211%3B+CONJUNTO+NOVA+ESPERAN%C3%87A+%26%238211%3B+R%24+45.000%2C00\" target=\"_blank\" class=\"social_pinterest\"><\/a>\n                                <\/div>\n\n\n\n                                <span class=\"share_list\"  data-original-title=\"share\" ><\/span>\n                                <span class=\"icon-fav icon-fav-off\" data-original-title=\"adicionar aos favoritos\" data-postid=\"25243\"><\/span>\n\n                                                            <\/div>\n                        <\/div>        <\/div>             \n    <\/div>\n\n<\/div><\/div><\/div><\/div>[\/vc_column][\/vc_row][vc_row][vc_column]<div class=\"article_container bottom-estate_property nobutton\" >  \n\n\n\n<div class=\"col-md-12 shortcode-col has_4per_row  listing_wrapper\" data-org=\"12\" data-listid=\"27771\" > \n    <div class=\"property_listing   \" data-link=\"https:\/\/www.imobiliariarazente.com.br\/index.php\/properties\/imovel-comercial-av-brasil-523-antiga-sede-da-construtora-razente-990-00000\/\">\n        \n        <div class=\"listing-unit-img-wrapper\"><div class=\"prop_new_details\"><div class=\"prop_new_details_back\"><\/div><div class=\"property_media\"><i class=\"fa fa-camera\" aria-hidden=\"true\"><\/i> 21\n                <\/div><div class=\"property_location_image\"> \n                    <span class=\"property_marker\"><\/span><a href=\"https:\/\/www.imobiliariarazente.com.br\/index.php\/area\/centro\/\" rel=\"tag\">Centro<\/a>, <a href=\"https:\/\/www.imobiliariarazente.com.br\/index.php\/city\/nova-esperanca\/\" rel=\"tag\">Nova Esperan\u00e7a<\/a><\/div><\/div><a href=\"https:\/\/www.imobiliariarazente.com.br\/index.php\/properties\/imovel-comercial-av-brasil-523-antiga-sede-da-construtora-razente-990-00000\/\"><img width=\"525\" height=\"328\" src=\"https:\/\/www.imobiliariarazente.com.br\/wp-content\/uploads\/2024\/08\/WhatsApp-Image-2024-08-27-at-13.40.45-3-525x328.jpeg\" class=\"lazyload img-responsive wp-post-image\" alt=\"\" loading=\"lazy\" data-original=\"https:\/\/www.imobiliariarazente.com.br\/wp-content\/uploads\/2024\/08\/WhatsApp-Image-2024-08-27-at-13.40.45-3-525x328.jpeg\" \/><\/a><\/div><div class=\"tag-wrapper\"><\/div>\n\n            <h4><a href=\"https:\/\/www.imobiliariarazente.com.br\/index.php\/properties\/imovel-comercial-av-brasil-523-antiga-sede-da-construtora-razente-990-00000\/\">\n                IM\u00d3VEL COMERCIAL &#8211; AV. BRASIL, 523 &#8...                <\/a> \n            <\/h4> \n            \n            <div class=\"listing_unit_price_wrapper\"><span class=\"price_label price_label_before\"><\/span>  <span class=\"price_label\">990.000,00<\/span><\/div>        \n        \n        \n           \n        \n                            <div class=\"listing_details the_list_view\" style=\"display:block;\">\n                    VENDE- SE\u00a0 IM\u00d3VEL COMERCIAL -EXCELENTE LOCALIZA\u00c7\u00c3O ****ANTIGA SEDE DA CONSTRUTORA RAZENTE**** Avenida Brasil, 523 &#8211; Centro &#8211; Nova Esperan\u00e7a-PR 990,000.000 SALA DA FRENTE &#8211;\u00a0 \u00a0\u00c1REA TOT <a href=\"https:\/\/www.imobiliariarazente.com.br\/index.php\/properties\/imovel-comercial-av-brasil-523-antiga-sede-da-construtora-razente-990-00000\/\" class=\"unit_more_x\">[more]<\/a>                <\/div>   \n        \n                <div class=\"listing_details half_map_list_view\" >\n                    VENDE- SE\u00a0 IM\u00d3VEL COMERCIAL -EXCELENTE LOCALIZA\u00c7\u00c3O ****ANTIGA SEDE DA CONSTRUTORA RAZENTE* <a href=\"https:\/\/www.imobiliariarazente.com.br\/index.php\/properties\/imovel-comercial-av-brasil-523-antiga-sede-da-construtora-razente-990-00000\/\" class=\"unit_more_x\">[more]<\/a>                <\/div>   \n\n                <div class=\"listing_details the_grid_view\" style=\"display:none;\">\n                    VENDE- SE\u00a0 IM\u00d3VEL COMERCIAL -EXCELENTE LOCALIZA\u00c7\u00c3O ****ANTIGA SEDE DA CONSTRUTORA RAZENTE**** Avenida Brasil, 523 & <a href=\"https:\/\/www.imobiliariarazente.com.br\/index.php\/properties\/imovel-comercial-av-brasil-523-antiga-sede-da-construtora-razente-990-00000\/\" class=\"unit_more_x\">[more]<\/a>                <\/div>\n               \n\n\n            <div class=\"property_listing_details\">\n                <a href=\"https:\/\/www.imobiliariarazente.com.br\/index.php\/properties\/imovel-comercial-av-brasil-523-antiga-sede-da-construtora-razente-990-00000\/\" class=\"unit_details_x\">full info<\/a>            <\/div>\n               \n            <div class=\"property_location\">\n                    \n                                        <div class=\"property_agent_wrapper\">\n                        <div class=\"property_agent_image\" style=\"background-image:url('https:\/\/www.imobiliariarazente.com.br\/wp-content\/uploads\/2024\/08\/WhatsApp-Image-2024-08-27-at-13.40.45-3-120x120.jpeg')\"><\/div> \n                        <div class=\"property_agent_image_sign\"><i class=\"fa fa-user-circle-o\" aria-hidden=\"true\"><\/i><\/div>\n                        razente                    <\/div>\n                \n                                                  <div class=\"listing_actions\">\n\n                                <div class=\"share_unit\">\n                                    <a href=\"https:\/\/www.facebook.com\/sharer.php?u=https:\/\/www.imobiliariarazente.com.br\/index.php\/properties\/imovel-comercial-av-brasil-523-antiga-sede-da-construtora-razente-990-00000\/&amp;t=IM%C3%93VEL+COMERCIAL+%26%238211%3B+AV.+BRASIL%2C+523+%26%238211%3B+ANTIGA+SEDE+DA+CONSTRUTORA+RAZENTE+%26%238211%3B+990.000%2C00\" target=\"_blank\" class=\"social_facebook\"><\/a>\n                                    <a href=\"https:\/\/twitter.com\/home?status=IM%C3%93VEL+COMERCIAL+%26%238211%3B+AV.+BRASIL%2C+523+%26%238211%3B+ANTIGA+SEDE+DA+CONSTRUTORA+RAZENTE+%26%238211%3B+990.000%2C00+https%3A%2F%2Fwww.imobiliariarazente.com.br%2Findex.php%2Fproperties%2Fimovel-comercial-av-brasil-523-antiga-sede-da-construtora-razente-990-00000%2F\" class=\"social_tweet\" target=\"_blank\"><\/a>\n                                    <a href=\"https:\/\/plus.google.com\/share?url=https:\/\/www.imobiliariarazente.com.br\/index.php\/properties\/imovel-comercial-av-brasil-523-antiga-sede-da-construtora-razente-990-00000\/\" onclick=\"javascript:window.open(this.href,'', 'menubar=no,toolbar=no,resizable=yes,scrollbars=yes,height=600,width=600');return false;\" target=\"_blank\" class=\"social_google\"><\/a> \n                                    <a href=\"https:\/\/pinterest.com\/pin\/create\/button\/?url=https:\/\/www.imobiliariarazente.com.br\/index.php\/properties\/imovel-comercial-av-brasil-523-antiga-sede-da-construtora-razente-990-00000\/&amp;media=https:\/\/www.imobiliariarazente.com.br\/wp-content\/uploads\/2024\/08\/WhatsApp-Image-2024-08-27-at-13.40.45-3-1200x790.jpeg&amp;description=IM%C3%93VEL+COMERCIAL+%26%238211%3B+AV.+BRASIL%2C+523+%26%238211%3B+ANTIGA+SEDE+DA+CONSTRUTORA+RAZENTE+%26%238211%3B+990.000%2C00\" target=\"_blank\" class=\"social_pinterest\"><\/a>\n                                <\/div>\n\n\n\n                                <span class=\"share_list\"  data-original-title=\"share\" ><\/span>\n                                <span class=\"icon-fav icon-fav-off\" data-original-title=\"adicionar aos favoritos\" data-postid=\"27771\"><\/span>\n\n                                                            <\/div>\n                        <\/div>        <\/div>             \n    <\/div>\n\n  \n\n\n\n<div class=\"col-md-12 shortcode-col has_4per_row  listing_wrapper\" data-org=\"12\" data-listid=\"27699\" > \n    <div class=\"property_listing   \" data-link=\"https:\/\/www.imobiliariarazente.com.br\/index.php\/properties\/imovel-antiga-caixa-economica-federal-r-2-500-00000\/\">\n        \n        <div class=\"listing-unit-img-wrapper\"><div class=\"prop_new_details\"><div class=\"prop_new_details_back\"><\/div><div class=\"property_media\"><i class=\"fa fa-camera\" aria-hidden=\"true\"><\/i> 4\n                <\/div><div class=\"property_location_image\"> \n                    <span class=\"property_marker\"><\/span><a href=\"https:\/\/www.imobiliariarazente.com.br\/index.php\/area\/centro\/\" rel=\"tag\">Centro<\/a>, <a href=\"https:\/\/www.imobiliariarazente.com.br\/index.php\/city\/nova-esperanca\/\" rel=\"tag\">Nova Esperan\u00e7a<\/a><\/div><\/div><a href=\"https:\/\/www.imobiliariarazente.com.br\/index.php\/properties\/imovel-antiga-caixa-economica-federal-r-2-500-00000\/\"><img width=\"525\" height=\"328\" src=\"https:\/\/www.imobiliariarazente.com.br\/wp-content\/uploads\/2024\/06\/WhatsApp-Image-2023-09-07-at-20.26.06-525x328.jpeg\" class=\"lazyload img-responsive wp-post-image\" alt=\"\" loading=\"lazy\" data-original=\"https:\/\/www.imobiliariarazente.com.br\/wp-content\/uploads\/2024\/06\/WhatsApp-Image-2023-09-07-at-20.26.06-525x328.jpeg\" \/><\/a><\/div><div class=\"tag-wrapper\"><\/div>\n\n            <h4><a href=\"https:\/\/www.imobiliariarazente.com.br\/index.php\/properties\/imovel-antiga-caixa-economica-federal-r-2-500-00000\/\">\n                IM\u00d3VEL &#8211; ANTIGA CAIXA ECON\u00d4MICA FEDERA...                <\/a> \n            <\/h4> \n            \n            <div class=\"listing_unit_price_wrapper\"><span class=\"price_label price_label_before\"><\/span>  <span class=\"price_label\">2.500.000<\/span><\/div>        \n        \n        \n           \n        \n                            <div class=\"listing_details the_list_view\" style=\"display:block;\">\n                    OPORTUNIDADE PARA INVESTIMENTO VENDE-SE: IM\u00d3VEL\u00a0 \u00a0 \u2013 antiga Caixa Econ\u00f4mica Federal\/ CENTRO PRA\u00c7A MELLO PALHETA &#8211; NO CORA\u00c7\u00c3O DA CIDADE\u00a0 R$ 2.500,000.00 \u00c1REA TOTAL DO TERRENO: 879,00mt\u00b2 Com \u00e1rea  <a href=\"https:\/\/www.imobiliariarazente.com.br\/index.php\/properties\/imovel-antiga-caixa-economica-federal-r-2-500-00000\/\" class=\"unit_more_x\">[more]<\/a>                <\/div>   \n        \n                <div class=\"listing_details half_map_list_view\" >\n                    OPORTUNIDADE PARA INVESTIMENTO VENDE-SE: IM\u00d3VEL\u00a0 \u00a0 \u2013 antiga Caixa Econ\u00f4mica Federal\/ CENTR <a href=\"https:\/\/www.imobiliariarazente.com.br\/index.php\/properties\/imovel-antiga-caixa-economica-federal-r-2-500-00000\/\" class=\"unit_more_x\">[more]<\/a>                <\/div>   \n\n                <div class=\"listing_details the_grid_view\" style=\"display:none;\">\n                    OPORTUNIDADE PARA INVESTIMENTO VENDE-SE: IM\u00d3VEL\u00a0 \u00a0 \u2013 antiga Caixa Econ\u00f4mica Federal\/ CENTRO PRA\u00c7A MELLO PALHETA &#8 <a href=\"https:\/\/www.imobiliariarazente.com.br\/index.php\/properties\/imovel-antiga-caixa-economica-federal-r-2-500-00000\/\" class=\"unit_more_x\">[more]<\/a>                <\/div>\n               \n\n\n            <div class=\"property_listing_details\">\n                <a href=\"https:\/\/www.imobiliariarazente.com.br\/index.php\/properties\/imovel-antiga-caixa-economica-federal-r-2-500-00000\/\" class=\"unit_details_x\">full info<\/a>            <\/div>\n               \n            <div class=\"property_location\">\n                    \n                                        <div class=\"property_agent_wrapper\">\n                        <div class=\"property_agent_image\" style=\"background-image:url('https:\/\/www.imobiliariarazente.com.br\/wp-content\/uploads\/2024\/06\/WhatsApp-Image-2023-09-07-at-20.26.06-120x120.jpeg')\"><\/div> \n                        <div class=\"property_agent_image_sign\"><i class=\"fa fa-user-circle-o\" aria-hidden=\"true\"><\/i><\/div>\n                        razente                    <\/div>\n                \n                                                  <div class=\"listing_actions\">\n\n                                <div class=\"share_unit\">\n                                    <a href=\"https:\/\/www.facebook.com\/sharer.php?u=https:\/\/www.imobiliariarazente.com.br\/index.php\/properties\/imovel-antiga-caixa-economica-federal-r-2-500-00000\/&amp;t=IM%C3%93VEL+%26%238211%3B+ANTIGA+CAIXA+ECON%C3%94MICA+FEDERAL+%26%238211%3B+R%24+2.500.000%2C00\" target=\"_blank\" class=\"social_facebook\"><\/a>\n                                    <a href=\"https:\/\/twitter.com\/home?status=IM%C3%93VEL+%26%238211%3B+ANTIGA+CAIXA+ECON%C3%94MICA+FEDERAL+%26%238211%3B+R%24+2.500.000%2C00+https%3A%2F%2Fwww.imobiliariarazente.com.br%2Findex.php%2Fproperties%2Fimovel-antiga-caixa-economica-federal-r-2-500-00000%2F\" class=\"social_tweet\" target=\"_blank\"><\/a>\n                                    <a href=\"https:\/\/plus.google.com\/share?url=https:\/\/www.imobiliariarazente.com.br\/index.php\/properties\/imovel-antiga-caixa-economica-federal-r-2-500-00000\/\" onclick=\"javascript:window.open(this.href,'', 'menubar=no,toolbar=no,resizable=yes,scrollbars=yes,height=600,width=600');return false;\" target=\"_blank\" class=\"social_google\"><\/a> \n                                    <a href=\"https:\/\/pinterest.com\/pin\/create\/button\/?url=https:\/\/www.imobiliariarazente.com.br\/index.php\/properties\/imovel-antiga-caixa-economica-federal-r-2-500-00000\/&amp;media=https:\/\/www.imobiliariarazente.com.br\/wp-content\/uploads\/2024\/06\/WhatsApp-Image-2023-09-07-at-20.26.06-1600x790.jpeg&amp;description=IM%C3%93VEL+%26%238211%3B+ANTIGA+CAIXA+ECON%C3%94MICA+FEDERAL+%26%238211%3B+R%24+2.500.000%2C00\" target=\"_blank\" class=\"social_pinterest\"><\/a>\n                                <\/div>\n\n\n\n                                <span class=\"share_list\"  data-original-title=\"share\" ><\/span>\n                                <span class=\"icon-fav icon-fav-off\" data-original-title=\"adicionar aos favoritos\" data-postid=\"27699\"><\/span>\n\n                                                            <\/div>\n                        <\/div>        <\/div>             \n    <\/div>\n\n<\/div>[\/vc_column][\/vc_row]<\/p>\n","protected":false},"excerpt":{"rendered":"<p>[vc_row disable_element=&#8221;yes&#8221;][vc_column][\/vc_column][\/vc_row][vc_row][vc_column][\/vc_column][\/vc_row]<\/p>\n","protected":false},"author":1,"featured_media":0,"parent":0,"menu_order":0,"comment_status":"closed","ping_status":"closed","template":"","meta":[],"_links":{"self":[{"href":"https:\/\/www.imobiliariarazente.com.br\/index.php\/wp-json\/wp\/v2\/pages\/20857"}],"collection":[{"href":"https:\/\/www.imobiliariarazente.com.br\/index.php\/wp-json\/wp\/v2\/pages"}],"about":[{"href":"https:\/\/www.imobiliariarazente.com.br\/index.php\/wp-json\/wp\/v2\/types\/page"}],"author":[{"embeddable":true,"href":"https:\/\/www.imobiliariarazente.com.br\/index.php\/wp-json\/wp\/v2\/users\/1"}],"replies":[{"embeddable":true,"href":"https:\/\/www.imobiliariarazente.com.br\/index.php\/wp-json\/wp\/v2\/comments?post=20857"}],"version-history":[{"count":2,"href":"https:\/\/www.imobiliariarazente.com.br\/index.php\/wp-json\/wp\/v2\/pages\/20857\/revisions"}],"predecessor-version":[{"id":20859,"href":"https:\/\/www.imobiliariarazente.com.br\/index.php\/wp-json\/wp\/v2\/pages\/20857\/revisions\/20859"}],"wp:attachment":[{"href":"https:\/\/www.imobiliariarazente.com.br\/index.php\/wp-json\/wp\/v2\/media?parent=20857"}],"curies":[{"name":"wp","href":"https:\/\/api.w.org\/{rel}","templated":true}]}}